{"id":267562,"date":"2023-10-31T16:20:28","date_gmt":"2023-10-31T15:20:28","guid":{"rendered":"https:\/\/wwwtest.museodellecivilta.it\/education-and-research\/gli-artisti\/gala-porras-kim\/"},"modified":"2024-12-23T14:15:47","modified_gmt":"2024-12-23T13:15:47","slug":"gala-porras-kim","status":"publish","type":"page","link":"https:\/\/www.museodellecivilta.it\/en\/education-and-research\/the-artists\/gala-porras-kim\/","title":{"rendered":"Gala Porras-Kim"},"content":{"rendered":"<p>[et_pb_section fb_built=&#8221;1&#8243; admin_label=&#8221;VISITA&#8221; _builder_version=&#8221;4.21.0&#8243; _module_preset=&#8221;default&#8221; custom_padding=&#8221;0px||0px||false|false&#8221; da_disable_devices=&#8221;off|off|off&#8221; global_colors_info=&#8221;{}&#8221; da_is_popup=&#8221;off&#8221; da_exit_intent=&#8221;off&#8221; da_has_close=&#8221;on&#8221; da_alt_close=&#8221;off&#8221; da_dark_close=&#8221;off&#8221; da_not_modal=&#8221;on&#8221; da_is_singular=&#8221;off&#8221; da_with_loader=&#8221;off&#8221; da_has_shadow=&#8221;on&#8221;][et_pb_row column_structure=&#8221;1_2,1_2&#8243; custom_padding_last_edited=&#8221;on|tablet&#8221; admin_label=&#8221;Visita&#8221; _builder_version=&#8221;4.21.0&#8243; _module_preset=&#8221;default&#8221; width=&#8221;90%&#8221; width_tablet=&#8221;90%&#8221; width_phone=&#8221;82%&#8221; width_last_edited=&#8221;on|phone&#8221; max_width=&#8221;1920px&#8221; custom_padding=&#8221;50px||50px||true|false&#8221; custom_padding_tablet=&#8221;40px||40px||true|false&#8221; custom_padding_phone=&#8221;30px||30px||true|false&#8221; global_colors_info=&#8221;{}&#8221;][et_pb_column type=&#8221;1_2&#8243; _builder_version=&#8221;4.21.0&#8243; _module_preset=&#8221;default&#8221; global_colors_info=&#8221;{}&#8221;][lwp_divi_breadcrumbs _builder_version=&#8221;4.25.2&#8243; _module_preset=&#8221;default&#8221; global_colors_info=&#8221;{}&#8221;][\/lwp_divi_breadcrumbs][et_pb_text admin_label=&#8221;Nome artista&#8221; _builder_version=&#8221;4.22.2&#8243; _module_preset=&#8221;default&#8221; header_font=&#8221;||||||||&#8221; custom_margin=&#8221;||0px||false|false&#8221; custom_padding=&#8221;||||false|false&#8221; header_font_size_tablet=&#8221;&#8221; header_font_size_phone=&#8221;25px&#8221; header_font_size_last_edited=&#8221;on|phone&#8221; global_colors_info=&#8221;{}&#8221;]<\/p>\n<h1><strong>Gala Porras-Kim<\/strong><\/h1>\n<p>[\/et_pb_text][et_pb_divider divider_position=&#8221;center&#8221; admin_label=&#8221;Linea&#8221; _builder_version=&#8221;4.21.0&#8243; _module_preset=&#8221;default&#8221; custom_margin=&#8221;||0px||false|false&#8221; custom_padding=&#8221;||||false|false&#8221; global_colors_info=&#8221;{}&#8221;][\/et_pb_divider][et_pb_image src=&#8221;https:\/\/wwwtest.museodellecivilta.it\/wp-content\/uploads\/Gala-Porras-Kim-headshot_Audrey-Min-3-1000&#215;0-c-default.png&#8221; title_text=&#8221;Gala Porras-Kim&#8221; show_in_lightbox=&#8221;on&#8221; disabled_on=&#8221;off|on|on&#8221; admin_label=&#8221;Immagine mobile&#8221; _builder_version=&#8221;4.25.2&#8243; _module_preset=&#8221;default&#8221; custom_margin=&#8221;15px||||false|false&#8221; hover_enabled=&#8221;0&#8243; global_colors_info=&#8221;{}&#8221; sticky_enabled=&#8221;0&#8243;][\/et_pb_image][et_pb_text admin_label=&#8221;Testo&#8221; _builder_version=&#8221;4.22.2&#8243; _module_preset=&#8221;default&#8221; custom_margin=&#8221;7px||||false|false&#8221; text_font_size_tablet=&#8221;&#8221; text_font_size_phone=&#8221;18px&#8221; text_font_size_last_edited=&#8221;on|phone&#8221; text_line_height_tablet=&#8221;&#8221; text_line_height_phone=&#8221;1.3em&#8221; text_line_height_last_edited=&#8221;on|phone&#8221; global_colors_info=&#8221;{}&#8221;]<\/p>\n<p align=\"left\">In her research at the Museo delle Civilt\u00e0 &#8211; developed in collaboration with the MAO-Museo Arte Orientale in Turin &#8211; <b>Gala Porras-Kim<\/b> (1984 Bogot\u00e1, Colombia. She lives and works in Los Angeles, USA) focused on the <a href=\"https:\/\/wwwtest.museodellecivilta.it\/en\/collections\/asian-arts-and-cultures\/\"><u><b>collections of the former National Museum of Oriental Art<\/b><\/u><\/a> and on the relationship that archaeologists, art historians and conservators have established with the objects in their care. She developed an audio-video installation evoking not only the <b>stratification of archiving and cataloguing<\/b>, but also of the <b>stories<\/b> and <b>interpretations<\/b> that the objects themselves have triggered, starting from the moment of their musealisation. In Porras-Kim\u2019s talk in the methodological Entrance of the Palazzo delle Scienze, however, the artist presented three excerpts from previous works that problematise the presence of human remains in international museums. These were developed in dialogue with institutions such as the National Museum of Brazil in Rio de Janeiro, the Gwanhju National Museum in South Korea and the Peabody-Museum of Archaeology and Ethnology at Harvard University in the USA.<\/p>\n<p align=\"left\">Porras-Kim reflected on the narratives connected to the possession of an object by the institution of the museum and the original spiritual and ritual value of that same object, thus delving into how the material identity of museumised objects is systematically and inevitably altered by being displayed and mediated within the museum itself. In this process, in museums, an object would eventually become like \u201cdust particles held together through the method of preservation.\u201d This approach also applies to ethnographic objects, which, in their contexts of origin, were conceived and shared as subjects, actively embodying a plurality of symbolic and communitarian values. Their role as active components of a culture should not end once they are musealised within a showcase or displayed in a museum. With reference to the 1970 UNESCO convention protecting the right to cultural property, Porras-Kim also includes in her interventions information about the &#8216;anonymous looters&#8217; who decontextualised these objects and the &#8216;missing persons&#8217; from official museum accounts. By recognising a creative personality in the environmental contexts of discovery, the artist succeeds in giving a critically and narratively reactive role to the objects themselves in museums. Works by Porras-Kim have been exhibited at the S\u00e3o Paulo Biennial; the Gwangju Biennial; the Whitney Biennial, New York; the LACMA, Los Angeles; the Made in LA Biennial, Los Angeles; and the Hammer Museum, Los Angeles. Among the awards received: <i>Creative Capital<\/i> and awards recognised by the Joan Mitchell Foundation and the Louis Comfort Tiffany Foundation.<\/p>\n<p>[\/et_pb_text][\/et_pb_column][et_pb_column type=&#8221;1_2&#8243; _builder_version=&#8221;4.21.0&#8243; _module_preset=&#8221;default&#8221; global_colors_info=&#8221;{}&#8221;][et_pb_image src=&#8221;https:\/\/wwwtest.museodellecivilta.it\/wp-content\/uploads\/Gala-Porras-Kim-headshot_Audrey-Min-3-1000&#215;0-c-default.png&#8221; title_text=&#8221;Gala Porras-Kim&#8221; show_in_lightbox=&#8221;on&#8221; disabled_on=&#8221;on|off|off&#8221; admin_label=&#8221;Immagine&#8221; _builder_version=&#8221;4.22.2&#8243; _module_preset=&#8221;default&#8221; hover_enabled=&#8221;0&#8243; global_colors_info=&#8221;{}&#8221; sticky_enabled=&#8221;0&#8243;][\/et_pb_image][\/et_pb_column][\/et_pb_row][\/et_pb_section]<\/p>\n","protected":false},"excerpt":{"rendered":"<p><div class=\"et_pb_module lwp_divi_breadcrumbs lwp_divi_breadcrumbs_0\">\n\t\t\t\t\n\t\t\t\t\n\t\t\t\t\n\t\t\t\t\n\t\t\t\t\n\t\t\t\t\n\t\t\t\t<div class=\"et_pb_module_inner\">\n\t\t\t\t\t<div class=\"lwp-breadcrumbs\"> <span class=\"before\"><\/span> <span vocab=\"https:\/\/schema.org\/\" typeof=\"BreadcrumbList\"><span property=\"itemListElement\" typeof=\"ListItem\"><a property=\"item\" typeof=\"WebPage\" href=\"https:\/\/www.museodellecivilta.it\/en\/\" class=\"home\"><span property=\"name\">Home<\/span><\/a><meta property=\"position\" content=\"1\"><\/span> <span class=\"separator et-pb-icon\">&#x39;<\/span> <\/span><\/div>\n\t\t\t\t<\/div>\n\t\t\t<\/div>Gala Porras-KimIn her research at the Museo delle Civilt\u00e0 &#8211; developed in collaboration with the MAO-Museo Arte Orientale in Turin &#8211; Gala Porras-Kim (1984 Bogot\u00e1, Colombia. She lives and works in Los Angeles, USA) focused on the collections of the former National Museum of Oriental Art and on the relationship that archaeologists, [&hellip;]<\/p>\n","protected":false},"author":2,"featured_media":0,"parent":264196,"menu_order":54,"comment_status":"closed","ping_status":"closed","template":"","meta":{"_acf_changed":false,"_et_pb_use_builder":"on","_et_pb_old_content":"","_et_gb_content_width":"","footnotes":""},"class_list":["post-267562","page","type-page","status-publish","hentry"],"acf":[],"yoast_head":"<!-- This site is optimized with the Yoast SEO plugin v27.4 - https:\/\/yoast.com\/product\/yoast-seo-wordpress\/ -->\n<title>Gala Porras-Kim - MUCIV-Museo delle Civilt\u00e0<\/title>\n<meta name=\"description\" content=\"0\" \/>\n<meta name=\"robots\" content=\"index, follow, max-snippet:-1, max-image-preview:large, max-video-preview:-1\" \/>\n<link rel=\"canonical\" href=\"https:\/\/www.museodellecivilta.it\/en\/education-and-research\/the-artists\/gala-porras-kim\/\" \/>\n<meta property=\"og:locale\" content=\"en_US\" \/>\n<meta property=\"og:type\" content=\"article\" \/>\n<meta property=\"og:title\" content=\"Gala Porras-Kim - MUCIV-Museo delle Civilt\u00e0\" \/>\n<meta property=\"og:description\" content=\"Gala Porras-KimIn her research at the Museo delle Civilt\u00e0 - developed in collaboration with the MAO-Museo Arte Orientale in Turin - Gala Porras-Kim (1984 Bogot\u00e1, Colombia. She lives and works in Los Angeles, USA) focused on the collections of the former National Museum of Oriental Art and on the relationship that archaeologists, [&hellip;]\" \/>\n<meta property=\"og:site_name\" content=\"MUCIV-Museo delle Civilt\u00e0\" \/>\n<meta property=\"article:publisher\" content=\"https:\/\/www.facebook.com\/museocivilta\" \/>\n<meta property=\"article:modified_time\" content=\"2024-12-23T13:15:47+00:00\" \/>\n<meta name=\"twitter:card\" content=\"summary_large_image\" \/>\n<meta name=\"twitter:site\" content=\"@museocivilta\" \/>\n<meta name=\"twitter:label1\" content=\"Est. reading time\" \/>\n\t<meta name=\"twitter:data1\" content=\"4 minutes\" \/>\n<script type=\"application\/ld+json\" class=\"yoast-schema-graph\">{\"@context\":\"https:\\\/\\\/schema.org\",\"@graph\":[{\"@type\":\"WebPage\",\"@id\":\"https:\\\/\\\/www.museodellecivilta.it\\\/en\\\/education-and-research\\\/the-artists\\\/gala-porras-kim\\\/\",\"url\":\"https:\\\/\\\/www.museodellecivilta.it\\\/en\\\/education-and-research\\\/the-artists\\\/gala-porras-kim\\\/\",\"name\":\"Gala Porras-Kim - MUCIV-Museo delle Civilt\u00e0\",\"isPartOf\":{\"@id\":\"https:\\\/\\\/www.museodellecivilta.it\\\/#website\"},\"datePublished\":\"2023-10-31T15:20:28+00:00\",\"dateModified\":\"2024-12-23T13:15:47+00:00\",\"breadcrumb\":{\"@id\":\"https:\\\/\\\/www.museodellecivilta.it\\\/en\\\/education-and-research\\\/the-artists\\\/gala-porras-kim\\\/#breadcrumb\"},\"inLanguage\":\"en-US\",\"potentialAction\":[{\"@type\":\"ReadAction\",\"target\":[\"https:\\\/\\\/www.museodellecivilta.it\\\/en\\\/education-and-research\\\/the-artists\\\/gala-porras-kim\\\/\"]}]},{\"@type\":\"BreadcrumbList\",\"@id\":\"https:\\\/\\\/www.museodellecivilta.it\\\/en\\\/education-and-research\\\/the-artists\\\/gala-porras-kim\\\/#breadcrumb\",\"itemListElement\":[{\"@type\":\"ListItem\",\"position\":1,\"name\":\"Home\",\"item\":\"https:\\\/\\\/www.museodellecivilta.it\\\/en\\\/homepage\\\/\"},{\"@type\":\"ListItem\",\"position\":2,\"name\":\"Education and Research\",\"item\":\"https:\\\/\\\/www.museodellecivilta.it\\\/en\\\/education-and-research\\\/\"},{\"@type\":\"ListItem\",\"position\":3,\"name\":\"The artists\",\"item\":\"https:\\\/\\\/www.museodellecivilta.it\\\/en\\\/education-and-research\\\/the-artists\\\/\"},{\"@type\":\"ListItem\",\"position\":4,\"name\":\"Gala Porras-Kim\"}]},{\"@type\":\"WebSite\",\"@id\":\"https:\\\/\\\/www.museodellecivilta.it\\\/#website\",\"url\":\"https:\\\/\\\/www.museodellecivilta.it\\\/\",\"name\":\"MUCIV-Museo delle Civilt\u00e0\",\"description\":\"\",\"publisher\":{\"@id\":\"https:\\\/\\\/www.museodellecivilta.it\\\/#organization\"},\"potentialAction\":[{\"@type\":\"SearchAction\",\"target\":{\"@type\":\"EntryPoint\",\"urlTemplate\":\"https:\\\/\\\/www.museodellecivilta.it\\\/?s={search_term_string}\"},\"query-input\":{\"@type\":\"PropertyValueSpecification\",\"valueRequired\":true,\"valueName\":\"search_term_string\"}}],\"inLanguage\":\"en-US\"},{\"@type\":\"Organization\",\"@id\":\"https:\\\/\\\/www.museodellecivilta.it\\\/#organization\",\"name\":\"Museo delle Civilt\u00e0\",\"url\":\"https:\\\/\\\/www.museodellecivilta.it\\\/\",\"logo\":{\"@type\":\"ImageObject\",\"inLanguage\":\"en-US\",\"@id\":\"https:\\\/\\\/www.museodellecivilta.it\\\/#\\\/schema\\\/logo\\\/image\\\/\",\"url\":\"https:\\\/\\\/wwwtest.museodellecivilta.it\\\/wp-content\\\/uploads\\\/2019\\\/09\\\/MUCIV-logoheader.jpg\",\"contentUrl\":\"https:\\\/\\\/wwwtest.museodellecivilta.it\\\/wp-content\\\/uploads\\\/2019\\\/09\\\/MUCIV-logoheader.jpg\",\"width\":185,\"height\":85,\"caption\":\"Museo delle Civilt\u00e0\"},\"image\":{\"@id\":\"https:\\\/\\\/www.museodellecivilta.it\\\/#\\\/schema\\\/logo\\\/image\\\/\"},\"sameAs\":[\"https:\\\/\\\/www.facebook.com\\\/museocivilta\",\"https:\\\/\\\/x.com\\\/museocivilta\",\"https:\\\/\\\/www.instagram.com\\\/museodellecivilta\\\/\",\"https:\\\/\\\/www.youtube.com\\\/c\\\/MuseodelleCivilt-MuCiv\"]}]}<\/script>\n<!-- \/ Yoast SEO plugin. -->","yoast_head_json":{"title":"Gala Porras-Kim - MUCIV-Museo delle Civilt\u00e0","robots":{"index":"index","follow":"follow","max-snippet":"max-snippet:-1","max-image-preview":"max-image-preview:large","max-video-preview":"max-video-preview:-1"},"canonical":"https:\/\/www.museodellecivilta.it\/en\/education-and-research\/the-artists\/gala-porras-kim\/","og_locale":"en_US","og_type":"article","og_title":"Gala Porras-Kim - MUCIV-Museo delle Civilt\u00e0","og_description":"Gala Porras-KimIn her research at the Museo delle Civilt\u00e0 - developed in collaboration with the MAO-Museo Arte Orientale in Turin - Gala Porras-Kim (1984 Bogot\u00e1, Colombia. She lives and works in Los Angeles, USA) focused on the collections of the former National Museum of Oriental Art and on the relationship that archaeologists, [&hellip;]","og_site_name":"MUCIV-Museo delle Civilt\u00e0","article_publisher":"https:\/\/www.facebook.com\/museocivilta","article_modified_time":"2024-12-23T13:15:47+00:00","twitter_card":"summary_large_image","twitter_site":"@museocivilta","twitter_misc":{"Est. reading time":"4 minutes"},"schema":{"@context":"https:\/\/schema.org","@graph":[{"@type":"WebPage","@id":"https:\/\/www.museodellecivilta.it\/en\/education-and-research\/the-artists\/gala-porras-kim\/","url":"https:\/\/www.museodellecivilta.it\/en\/education-and-research\/the-artists\/gala-porras-kim\/","name":"Gala Porras-Kim - MUCIV-Museo delle Civilt\u00e0","isPartOf":{"@id":"https:\/\/www.museodellecivilta.it\/#website"},"datePublished":"2023-10-31T15:20:28+00:00","dateModified":"2024-12-23T13:15:47+00:00","breadcrumb":{"@id":"https:\/\/www.museodellecivilta.it\/en\/education-and-research\/the-artists\/gala-porras-kim\/#breadcrumb"},"inLanguage":"en-US","potentialAction":[{"@type":"ReadAction","target":["https:\/\/www.museodellecivilta.it\/en\/education-and-research\/the-artists\/gala-porras-kim\/"]}]},{"@type":"BreadcrumbList","@id":"https:\/\/www.museodellecivilta.it\/en\/education-and-research\/the-artists\/gala-porras-kim\/#breadcrumb","itemListElement":[{"@type":"ListItem","position":1,"name":"Home","item":"https:\/\/www.museodellecivilta.it\/en\/homepage\/"},{"@type":"ListItem","position":2,"name":"Education and Research","item":"https:\/\/www.museodellecivilta.it\/en\/education-and-research\/"},{"@type":"ListItem","position":3,"name":"The artists","item":"https:\/\/www.museodellecivilta.it\/en\/education-and-research\/the-artists\/"},{"@type":"ListItem","position":4,"name":"Gala Porras-Kim"}]},{"@type":"WebSite","@id":"https:\/\/www.museodellecivilta.it\/#website","url":"https:\/\/www.museodellecivilta.it\/","name":"MUCIV-Museo delle Civilt\u00e0","description":"","publisher":{"@id":"https:\/\/www.museodellecivilta.it\/#organization"},"potentialAction":[{"@type":"SearchAction","target":{"@type":"EntryPoint","urlTemplate":"https:\/\/www.museodellecivilta.it\/?s={search_term_string}"},"query-input":{"@type":"PropertyValueSpecification","valueRequired":true,"valueName":"search_term_string"}}],"inLanguage":"en-US"},{"@type":"Organization","@id":"https:\/\/www.museodellecivilta.it\/#organization","name":"Museo delle Civilt\u00e0","url":"https:\/\/www.museodellecivilta.it\/","logo":{"@type":"ImageObject","inLanguage":"en-US","@id":"https:\/\/www.museodellecivilta.it\/#\/schema\/logo\/image\/","url":"https:\/\/wwwtest.museodellecivilta.it\/wp-content\/uploads\/2019\/09\/MUCIV-logoheader.jpg","contentUrl":"https:\/\/wwwtest.museodellecivilta.it\/wp-content\/uploads\/2019\/09\/MUCIV-logoheader.jpg","width":185,"height":85,"caption":"Museo delle Civilt\u00e0"},"image":{"@id":"https:\/\/www.museodellecivilta.it\/#\/schema\/logo\/image\/"},"sameAs":["https:\/\/www.facebook.com\/museocivilta","https:\/\/x.com\/museocivilta","https:\/\/www.instagram.com\/museodellecivilta\/","https:\/\/www.youtube.com\/c\/MuseodelleCivilt-MuCiv"]}]}},"_links":{"self":[{"href":"https:\/\/www.museodellecivilta.it\/en\/wp-json\/wp\/v2\/pages\/267562","targetHints":{"allow":["GET"]}}],"collection":[{"href":"https:\/\/www.museodellecivilta.it\/en\/wp-json\/wp\/v2\/pages"}],"about":[{"href":"https:\/\/www.museodellecivilta.it\/en\/wp-json\/wp\/v2\/types\/page"}],"author":[{"embeddable":true,"href":"https:\/\/www.museodellecivilta.it\/en\/wp-json\/wp\/v2\/users\/2"}],"replies":[{"embeddable":true,"href":"https:\/\/www.museodellecivilta.it\/en\/wp-json\/wp\/v2\/comments?post=267562"}],"version-history":[{"count":0,"href":"https:\/\/www.museodellecivilta.it\/en\/wp-json\/wp\/v2\/pages\/267562\/revisions"}],"up":[{"embeddable":true,"href":"https:\/\/www.museodellecivilta.it\/en\/wp-json\/wp\/v2\/pages\/264196"}],"wp:attachment":[{"href":"https:\/\/www.museodellecivilta.it\/en\/wp-json\/wp\/v2\/media?parent=267562"}],"curies":[{"name":"wp","href":"https:\/\/api.w.org\/{rel}","templated":true}]}}