{"id":262614,"date":"2023-08-24T23:04:00","date_gmt":"2023-08-24T21:04:00","guid":{"rendered":"https:\/\/wwwtest.museodellecivilta.it\/who-we-are\/"},"modified":"2026-03-20T13:11:02","modified_gmt":"2026-03-20T12:11:02","slug":"who-we-are","status":"publish","type":"page","link":"https:\/\/www.museodellecivilta.it\/en\/who-we-are\/","title":{"rendered":"Who we are"},"content":{"rendered":"<p>[et_pb_section fb_built=&#8221;1&#8243; admin_label=&#8221;VISITA&#8221; _builder_version=&#8221;4.21.0&#8243; _module_preset=&#8221;default&#8221; custom_padding=&#8221;0px||0px||false|false&#8221; da_disable_devices=&#8221;off|off|off&#8221; global_colors_info=&#8221;{}&#8221; da_is_popup=&#8221;off&#8221; da_exit_intent=&#8221;off&#8221; da_has_close=&#8221;on&#8221; da_alt_close=&#8221;off&#8221; da_dark_close=&#8221;off&#8221; da_not_modal=&#8221;on&#8221; da_is_singular=&#8221;off&#8221; da_with_loader=&#8221;off&#8221; da_has_shadow=&#8221;on&#8221;][et_pb_row column_structure=&#8221;1_2,1_2&#8243; custom_padding_last_edited=&#8221;on|tablet&#8221; admin_label=&#8221;Visita&#8221; _builder_version=&#8221;4.21.0&#8243; _module_preset=&#8221;default&#8221; width=&#8221;90%&#8221; width_tablet=&#8221;90%&#8221; width_phone=&#8221;82%&#8221; width_last_edited=&#8221;on|phone&#8221; max_width=&#8221;1920px&#8221; custom_padding=&#8221;50px||50px||true|false&#8221; custom_padding_tablet=&#8221;40px||40px||true|false&#8221; custom_padding_phone=&#8221;30px||30px||true|false&#8221; global_colors_info=&#8221;{}&#8221;][et_pb_column type=&#8221;1_2&#8243; _builder_version=&#8221;4.21.0&#8243; _module_preset=&#8221;default&#8221; global_colors_info=&#8221;{}&#8221;][et_pb_text admin_label=&#8221;Il Museo&#8221; _builder_version=&#8221;4.27.4&#8243; _module_preset=&#8221;default&#8221; header_font=&#8221;||||||||&#8221; custom_margin=&#8221;||0px||false|false&#8221; custom_padding=&#8221;||||false|false&#8221; header_font_size_tablet=&#8221;&#8221; header_font_size_phone=&#8221;25px&#8221; header_font_size_last_edited=&#8221;on|phone&#8221; global_colors_info=&#8221;{}&#8221;]<\/p>\n<h1>The Museum<\/h1>\n<p>[\/et_pb_text][et_pb_divider divider_position=&#8221;center&#8221; admin_label=&#8221;Linea divisoria&#8221; _builder_version=&#8221;4.21.0&#8243; _module_preset=&#8221;default&#8221; custom_margin=&#8221;||0px||false|false&#8221; custom_padding=&#8221;||||false|false&#8221; global_colors_info=&#8221;{}&#8221;][\/et_pb_divider][et_pb_image src=&#8221;https:\/\/www.museodellecivilta.it\/wp-content\/uploads\/Museo-delle-Civilta-panoramica-dallalto.-Courtesy-Museo-delle-Civilta-Roma.jpg&#8221; title_text=&#8221;Museo-delle-Civilta\u0300,-panoramica-dall\u2019alto.-Courtesy-Museo-delle-Civilta\u0300,-Roma&#8221; show_in_lightbox=&#8221;on&#8221; disabled_on=&#8221;off|off|on&#8221; admin_label=&#8221;Immagine MOBILE&#8221; _builder_version=&#8221;4.27.4&#8243; _module_preset=&#8221;default&#8221; custom_margin=&#8221;15px||||false|false&#8221; global_colors_info=&#8221;{}&#8221;][\/et_pb_image][et_pb_text admin_label=&#8221;Testo&#8221; _builder_version=&#8221;4.27.4&#8243; _module_preset=&#8221;default&#8221; custom_margin=&#8221;7px||||false|false&#8221; text_font_size_tablet=&#8221;21px&#8221; text_font_size_phone=&#8221;18px&#8221; text_font_size_last_edited=&#8221;on|desktop&#8221; text_line_height_tablet=&#8221;&#8221; text_line_height_phone=&#8221;1.3em&#8221; text_line_height_last_edited=&#8221;on|desktop&#8221; global_colors_info=&#8221;{}&#8221;]<\/p>\n<p>Founded in 2016, the <strong>Museum of Civilizations<\/strong> is an institute that vaunts special autonomy granted by the Ministry of Culture.<\/p>\n<p>The Museum of Civilizations was established as a major international museum focused on human beings and their multiple cultural expressions in relation with other living species for the greater appreciation, preservation, and sharing of memories, testimonies and perspectives.<\/p>\n<p>The Museum is located in Piazza Guglielmo Marconi in Rome\u2019s EUR district and divided into two locations: the <strong>Palace of Sciences<\/strong>, which houses the prehistory and protohistoric, palethnology and litho-mineralogy, early middle-ages, archaeological, ethnographic, and art history collections of non-European origin of colonial provenance currently being re-catalogued, and the <strong>Palace of Folk Art and Traditions<\/strong>, which houses the collections of Italian folk art and traditions. The building complex was designed as part of the urban-architectural project of the 1942 <em>Rome World\u2019s Fair<\/em> by architects Luigi Brusa, Gino Cancellotti, Eugenio Montuori, and Alfredo Scalpelli under the coordination of Marcello Piacentini.<\/p>\n<p>[\/et_pb_text][et_pb_image src=&#8221;https:\/\/www.museodellecivilta.it\/wp-content\/uploads\/Museo-delle-Civilta_Palazzo-delle-Scienze_ingresso_\u00a9Giorgio-Benni.jpg&#8221; title_text=&#8221;Museo-delle-Civilt\u00e0_Palazzo-delle-Scienze_ingresso_\u00a9Giorgio-Benni&#8221; disabled_on=&#8221;on|on|on&#8221; _builder_version=&#8221;4.25.2&#8243; _module_preset=&#8221;default&#8221; custom_margin=&#8221;0px||0px||true|false&#8221; disabled=&#8221;on&#8221; global_colors_info=&#8221;{}&#8221;][\/et_pb_image][et_pb_toggle title=&#8221;Collections on display in the Palace of Sciences&#8221; open_toggle_text_color=&#8221;#000000&#8243; open_toggle_background_color=&#8221;RGBA(255,255,255,0)&#8221; closed_toggle_background_color=&#8221;RGBA(255,255,255,0)&#8221; icon_color=&#8221;#000000&#8243; toggle_icon=&#8221;&#x33;||divi||400&#8243; use_icon_font_size=&#8221;on&#8221; icon_font_size=&#8221;35px&#8221; open_icon_color=&#8221;#000000&#8243; open_toggle_icon=&#8221;&#x32;||divi||400&#8243; open_use_icon_font_size=&#8221;on&#8221; open_icon_font_size=&#8221;35px&#8221; admin_label=&#8221;Le collezioni al Palazzo delle Scienze&#8221; _builder_version=&#8221;4.27.4&#8243; _module_preset=&#8221;default&#8221; title_text_color=&#8221;#000000&#8243; title_level=&#8221;h6&#8243; title_font=&#8221;Nero MDC light|700|||||||&#8221; title_font_size=&#8221;22px&#8221; closed_title_font=&#8221;Nero MDC light||||||||&#8221; body_line_height=&#8221;1.3em&#8221; custom_margin=&#8221;||0px||false|false&#8221; custom_padding=&#8221;|0px|5px|0px|false|false&#8221; title_font_size_tablet=&#8221;22px&#8221; title_font_size_phone=&#8221;20px&#8221; title_font_size_last_edited=&#8221;on|desktop&#8221; body_font_size_tablet=&#8221;&#8221; body_font_size_phone=&#8221;18px&#8221; body_font_size_last_edited=&#8221;on|phone&#8221; custom_css_main_element=&#8221;border:0px&#8221; global_colors_info=&#8221;{}&#8221;]<\/p>\n<p>The following collections on display in this building were acquired and combined in different moments to become part of the Museum of Civilizations in the period between 2016 and 2022:<\/p>\n<ul>\n<li><b>The National Prehistoric Ethnographic Museum<\/b>, founded by archaeologist Luigi Pigorini in 1875 and opened the following year in a wing of the Palazzo del Collegio Romano, which also housed the prehistory and ethnographic collections of the Kircherian Museum, one of the world\u2019s most fascinating pre-modern\u00a0<i>Wunderkammers<\/i>\u00a0(\u201cchamber of wonders\u201d) in its day;<\/li>\n<li><b>The National Oriental Art Museum<\/b>, inaugurated in 1957 in Palazzo Brancaccio, with its artifacts from the archaeological expeditions of the IsMEO-Italian Institute for the Middle and Far East co-founded in 1933 by explorer, religious scholar, and Tibetologist Giuseppe Tucci;<\/li>\n<li>The collections of the closed\u00a0<b>African Museum<\/b>\u00a0\u2013 formerly the\u00a0<b>Colonial Museum<\/b>\u00a0(1914-35) and the\u00a0<b>Italian African Museum<\/b>\u00a0(1935-43), and the\u00a0<b>African Museum<\/b>\u00a0(from 1947 until its closing in 1971)\u2013 currently being re-catalogued;<\/li>\n<li>The paleontology and litho-mineralogy collections of the\u00a0<b>ISPRA Institute for Environmental Protection and Research<\/b>\u00a0received from the\u00a0<b>Royal Geological Office<\/b>\u00a0established in 1873 thanks in part to the work of Quintino Sella and Felice Giordano and transferred here in 2022 on indefinite loan;<\/li>\n<li><b>The National Early Middle-Ages Museum<\/b>, transferred here in 1967 from the National Museum in Rome.<\/li>\n<\/ul>\n<p>[\/et_pb_toggle][et_pb_image src=&#8221;https:\/\/wwwtest.museodellecivilta.it\/wp-content\/uploads\/ATP-1-e1720996251508.jpg&#8221; title_text=&#8221;Museo-delle-Civilt\u00e0_Palazzo-delle-Scienze_ingresso_\u00a9Giorgio-Benni&#8221; show_in_lightbox=&#8221;on&#8221; disabled_on=&#8221;on|on|on&#8221; admin_label=&#8221;Immagine Palazzo delle Arti e Tradizioni Popolari&#8221; _builder_version=&#8221;4.25.2&#8243; _module_preset=&#8221;default&#8221; custom_margin=&#8221;0px||0px||true|false&#8221; disabled=&#8221;on&#8221; global_colors_info=&#8221;{}&#8221;][\/et_pb_image][et_pb_toggle title=&#8221;Collections on display in the Palace of Folk Art and Traditions&#8221; open_toggle_text_color=&#8221;#000000&#8243; open_toggle_background_color=&#8221;RGBA(255,255,255,0)&#8221; closed_toggle_background_color=&#8221;RGBA(255,255,255,0)&#8221; icon_color=&#8221;#000000&#8243; toggle_icon=&#8221;&#x33;||divi||400&#8243; use_icon_font_size=&#8221;on&#8221; icon_font_size=&#8221;35px&#8221; open_icon_color=&#8221;#000000&#8243; open_toggle_icon=&#8221;&#x32;||divi||400&#8243; open_use_icon_font_size=&#8221;on&#8221; open_icon_font_size=&#8221;35px&#8221; admin_label=&#8221;Le collezioni al Palazzo delle Arti E Tradizioni Popolari&#8221; _builder_version=&#8221;4.27.4&#8243; _module_preset=&#8221;default&#8221; title_text_color=&#8221;#000000&#8243; title_level=&#8221;h6&#8243; title_font=&#8221;Nero MDC light|700|||||||&#8221; title_font_size=&#8221;22px&#8221; closed_title_font=&#8221;Nero MDC light||||||||&#8221; body_line_height=&#8221;1.3em&#8221; custom_margin=&#8221;||0px||false|false&#8221; custom_padding=&#8221;|0px|5px|0px|false|false&#8221; title_font_size_tablet=&#8221;22px&#8221; title_font_size_phone=&#8221;20px&#8221; title_font_size_last_edited=&#8221;on|desktop&#8221; title_line_height_tablet=&#8221;&#8221; title_line_height_phone=&#8221;1.2em&#8221; title_line_height_last_edited=&#8221;on|phone&#8221; body_font_size_tablet=&#8221;&#8221; body_font_size_phone=&#8221;18px&#8221; body_font_size_last_edited=&#8221;on|phone&#8221; custom_css_main_element=&#8221;border:0px&#8221; global_colors_info=&#8221;{}&#8221;]<\/p>\n<p>The following collections displayed in this building have arrived from the following sources since 1956:<\/p>\n<p><b>The National Folk Art and Traditions\u00a0<\/b>collections, most items here were brought together in 1911 on the occasion of the celebrations for the fiftieth anniversary of the unification of Italy simultaneously held in Turin, Florence and Rome, and particularly, of the\u00a0<i>Ethnographic Exhibition\u00a0<\/i>and\u00a0<i>Regional Exhibition<\/i>\u00a0held in Rome at the same time as the first\u00a0<i>Congress of Italian Ethnography<\/i>. Currently introduced by contemporary artist Gianfranco Baruchello\u2019s\u00a0<i>Psicoenciclopedia possible<\/i>, a compendium that enables the processing of this articulated vastness of these encyclopedic collections by each individual\u2019s personal intelligence and sensibility, visitors are accompanied on the tour by 3 emblematic figures of this museum and its history: anthropologists Lamberto Loria (1855 -1913), Annabella Rossi (1933 -1984), and collector Gennaro Evangelista Gorga (1865 -1957).<\/p>\n<p>[\/et_pb_toggle][et_pb_toggle title=&#8221;The Museum\u2019s Mission&#8221; open_toggle_text_color=&#8221;#000000&#8243; open_toggle_background_color=&#8221;RGBA(255,255,255,0)&#8221; closed_toggle_background_color=&#8221;RGBA(255,255,255,0)&#8221; icon_color=&#8221;#000000&#8243; toggle_icon=&#8221;&#x33;||divi||400&#8243; use_icon_font_size=&#8221;on&#8221; icon_font_size=&#8221;35px&#8221; open_icon_color=&#8221;#000000&#8243; open_toggle_icon=&#8221;&#x32;||divi||400&#8243; open_use_icon_font_size=&#8221;on&#8221; open_icon_font_size=&#8221;35px&#8221; admin_label=&#8221;La missione&#8221; _builder_version=&#8221;4.27.4&#8243; _module_preset=&#8221;default&#8221; title_text_color=&#8221;#000000&#8243; title_level=&#8221;h6&#8243; title_font=&#8221;Nero MDC light|700|||||||&#8221; title_font_size=&#8221;22px&#8221; closed_title_font=&#8221;Nero MDC light||||||||&#8221; body_line_height=&#8221;1.3em&#8221; custom_margin=&#8221;||0px||false|false&#8221; custom_padding=&#8221;|0px||0px|false|false&#8221; title_font_size_tablet=&#8221;22px&#8221; title_font_size_phone=&#8221;20px&#8221; title_font_size_last_edited=&#8221;on|desktop&#8221; body_font_size_tablet=&#8221;&#8221; body_font_size_phone=&#8221;18px&#8221; body_font_size_last_edited=&#8221;on|phone&#8221; custom_css_main_element=&#8221;border:0px&#8221; global_colors_info=&#8221;{}&#8221;]<\/p>\n<p>Founded in 2016, The Museum of Civilizations is an institute granted special autonomy by the Ministry of Culture and functionally dependent on the General Directorate of Museums operating in the service of society and its cultural development.<br \/>The institute preserves the collections transferred to the Museum of Civilizations at its founding or subsequently from the museums below:<\/p>\n<ul>\n<li><b>The Luigi Pigorini National Prehistoric Ethnographic Museum<\/b><\/li>\n<\/ul>\n<ul>\n<li><b>The Giuseppe Tucci Oriental Art Museum<\/b><\/li>\n<\/ul>\n<ul>\n<li><b>The ISPRA Institute for Environmental Protection and Research\u00a0<\/b><\/li>\n<\/ul>\n<ul>\n<li><b>The former Colonial Museum<\/b><\/li>\n<\/ul>\n<ul>\n<li><b>The Folk Art and Traditions Museum<\/b><\/li>\n<\/ul>\n<ul>\n<li><b>The Early Middle-Ages Museum<\/b><\/li>\n<\/ul>\n<p>The Museum of Civilizations is specialized in the fields of prehistory and protohistory archaeology, bio-archaeology, palethnology, litho-mineralogy, physical anthropology, demo-ethno-anthropology, ethnography and art history. Its mission is to conserve, display, increase and enhance these collections in order to help preserve the tangible and intangible cultural heritage they form as a whole while also promoting study and research also in the field (conducted using in-house resources and with other institutes) in every area that regards the scientific and humanities disciplines pertaining to its collections and disseminating such studies and research to both the scientific community and the public.<\/p>\n<p>In promoting this cultural heritage, the Museum of Civilizations works with the Ministry of Culture\u2019s central and peripheral offices in authorizing loans of collection assets for temporary national and international exhibitions. As a many-faceted institute, it provides technical and scientific advice to other organizations and develops training activities for the public that foster the participation of the citizenry and promote interrelation with the different heritage communities of reference, origin and provenance of the collections.<\/p>\n<p>The Museum of Civilizations is also committed to:<\/p>\n<ul>\n<li>Supporting research, starting with rigorous reconstruction of provenance that leads to the rewriting \u00a0 of the history of each finding, artifact and document with respect to both its original context and subsequent museum interpretation;<\/li>\n<li>Defining itself as an interdisciplinary\/inter-institutional research center that fosters cooperation between individuals inside and outside the Museum, such as researchers, visual artists, writers, actors, dancers, musicians, nutrition experts and chefs, and a host of other figures for the continuation of interdisciplinary research and ongoing inter-institutional discussion<\/li>\n<li>Promoting intersectionality and pluriversality, by welcoming and reflecting upon intersectional and pluriversal positions with awareness of the context in which a contemporary anthropological museum operates at national and international level;<\/li>\n<li>Reviewing its categories and terms through new analysis that redefines the categories and terms it uses in expositions and descriptions, sharing knowledge that combines the past and the present;<\/li>\n<li>Connecting with current times, linking museum collections and research projects to the most urgent contemporary issues in order to respond to scenarios defined by factors such as climate crisis, unequal resource access, and institutional de-colonization, among others;<\/li>\n<li>Rethinking and sharing institutional history and thought, also by progressively revising the layout of the Museum\u2019s collections, reassessing criteria for cataloging, study, display, and by distributing and furthering the knowledge it embodies;<\/li>\n<li>Catalyzing the future through new questions by changing from being a holder of answers and one-sided teaching to becoming a herald of new scenarios and alternative ways to acquiring knowledge, promoting paths of sustainable change and adopting institutional practices based on caring, accountability with the return and sharing of critical and self-critical knowledge.<\/li>\n<\/ul>\n<p>[\/et_pb_toggle][et_pb_text admin_label=&#8221;Il Museo&#8221; module_id=&#8221;paginaetica&#8221; _builder_version=&#8221;4.27.4&#8243; _module_preset=&#8221;default&#8221; header_font=&#8221;||||||||&#8221; custom_margin=&#8221;||0px||false|false&#8221; custom_padding=&#8221;||||false|false&#8221; header_font_size_tablet=&#8221;&#8221; header_font_size_phone=&#8221;25px&#8221; header_font_size_last_edited=&#8221;on|phone&#8221; global_colors_info=&#8221;{}&#8221;]<\/p>\n<h1>An Ethical Museum<\/h1>\n<p>[\/et_pb_text][et_pb_divider divider_position=&#8221;center&#8221; admin_label=&#8221;Linea divisoria&#8221; _builder_version=&#8221;4.21.0&#8243; _module_preset=&#8221;default&#8221; custom_margin=&#8221;||0px||false|false&#8221; custom_padding=&#8221;||||false|false&#8221; global_colors_info=&#8221;{}&#8221;][\/et_pb_divider][et_pb_image src=&#8221;https:\/\/www.museodellecivilta.it\/wp-content\/uploads\/MUCIV_pagina-etica_up2025.gif&#8221; title_text=&#8221;MUCIV_pagina-etica_up2025&#8243; admin_label=&#8221;Immagine pagina etica&#8221; _builder_version=&#8221;4.27.4&#8243; _module_preset=&#8221;default&#8221; custom_margin=&#8221;0px||0px||true|false&#8221; custom_padding=&#8221;15px||5px||false|false&#8221; global_colors_info=&#8221;{}&#8221;][\/et_pb_image][et_pb_text admin_label=&#8221;Testo&#8221; _builder_version=&#8221;4.27.4&#8243; _module_preset=&#8221;default&#8221; custom_margin=&#8221;15px||||false|false&#8221; text_font_size_tablet=&#8221;21px&#8221; text_font_size_phone=&#8221;18px&#8221; text_font_size_last_edited=&#8221;on|desktop&#8221; text_line_height_tablet=&#8221;&#8221; text_line_height_phone=&#8221;1.3em&#8221; text_line_height_last_edited=&#8221;on|desktop&#8221; global_colors_info=&#8221;{}&#8221;]<\/p>\n<p>Along its encyclopedic collections, the Museum of Civilizations holds an abundance of objects of non-European provenance. Inserted in museum inventories and catalogs at different times and in different contexts, they often also reflect modes of acquisition resulting from asymmetrical or predatory power relations between native peoples and European explorers or colonizers that began in the 16th century. <br \/>The widely different stories behind these objects were not always clearly told in the documentation of the period and some have yet to be comprehensively studied.<\/p>\n<p>Aligning with current processes in leading European and international ethnographic institutions, and in keeping with the ICOM Code of Professional Ethics, the Museum of Civilizations is launching a series of projects aimed at reconstructing the biographies of all the collections through dialogue and participation with individuals and collectives native to or descended from communities linked to the collections\u2019 places of origin and provenance, including representatives of indigenous communities, artists from various fields, and activists. In such way, the histories of objects on display are reread and rewritten from critical perspectives and by interrogating alternative sources and original knowledge in a progressive recontextualization of elements previously included in historiography, thus restoring\u2014with the conscious adoption of postcolonial, decolonial, and anticolonial practices\u2014their historical complexity and epistemic intersectionality.<\/p>\n<p>The preservation and enhancement activities pursued by the Museum\u2014a member of the ICOM Provenance and Decolonization Working Group\u2014include research conducted together with academies, research centers, national and international universities, and projects organized within institutional networks involving other African, American, Asian, European and Oceanian museums. This research into the history of the Museum collecting practices is mirrored by the gradual rearrangement of all its collections currently in progress, accompanied by their re-cataloging and digitization, as well as by sharing such processes with scholars from the countries of origin of the objects.<\/p>\n<p>Inherent in these processes is the special attention given to human remains and other \u201csensitive\u201d materials that continue to hold sacred meaning and value for the descendants of the communities of reference and for which reason they assume the status of \u201csubjects\u201d rather than objects. It is the Museum\u2019s intention to respect these meanings and values by ensuring an approach based on direct access and constant consultation with the communities of origin and provenance, in such way committing itself to adopting the methods and rules of conservation and display indicated by these communities. This approach is meant to ensure adherence to the sensitivities, belief systems, and knowledge mechanisms of the communities to which the artifacts belong.<\/p>\n<p>Lastly, this research and the projects that ensue also serve in preparing documents and reports that assist the Italian Ministry of Culture in any requests for restitution submitted. The Museum of Civilizations has also served as a member of the Working Group for the Study of Colonial Collections set up by the Ministry of Culture in support of the Committee for the Recovery and Restitution of Cultural Property assigned to mapping collections of non-European origin, identifying possible guidelines, and preparing historically- and scientifically-motivated documentation for use in processes regarding requests for restitution.<\/p>\n<p>The work method being enacted by the Museum of Civilizations on the whole reflects merely the start of a process of self-verification and ethical re-assessment that will continue in order to develop and expand over time in step with emerging needs of contemporary society. This website page will also evolve over time, promptly accompanying and substantiating the research and projects being conducted.<\/p>\n<p>[\/et_pb_text][et_pb_toggle title=&#8221;An Ethical Museum&#8221; open_toggle_text_color=&#8221;#000000&#8243; open_toggle_background_color=&#8221;RGBA(255,255,255,0)&#8221; closed_toggle_background_color=&#8221;RGBA(255,255,255,0)&#8221; icon_color=&#8221;#000000&#8243; toggle_icon=&#8221;&#x33;||divi||400&#8243; use_icon_font_size=&#8221;on&#8221; icon_font_size=&#8221;35px&#8221; open_icon_color=&#8221;#000000&#8243; open_toggle_icon=&#8221;&#x32;||divi||400&#8243; open_use_icon_font_size=&#8221;on&#8221; open_icon_font_size=&#8221;35px&#8221; disabled_on=&#8221;on|on|on&#8221; admin_label=&#8221;Per un museo etico&#8221; _builder_version=&#8221;4.27.4&#8243; _module_preset=&#8221;default&#8221; title_text_color=&#8221;#000000&#8243; title_level=&#8221;h6&#8243; title_font=&#8221;Nero MDC light|700|||||||&#8221; title_font_size=&#8221;22px&#8221; closed_title_font=&#8221;Nero MDC light||||||||&#8221; body_line_height=&#8221;1.3em&#8221; custom_margin=&#8221;||0px||false|false&#8221; custom_padding=&#8221;|0px|5px|0px|false|false&#8221; title_font_size_tablet=&#8221;22px&#8221; title_font_size_phone=&#8221;20px&#8221; title_font_size_last_edited=&#8221;on|desktop&#8221; title_line_height_tablet=&#8221;&#8221; title_line_height_phone=&#8221;1.2em&#8221; title_line_height_last_edited=&#8221;on|phone&#8221; body_font_size_tablet=&#8221;&#8221; body_font_size_phone=&#8221;18px&#8221; body_font_size_last_edited=&#8221;on|phone&#8221; custom_css_main_element=&#8221;border:0px&#8221; disabled=&#8221;on&#8221; global_colors_info=&#8221;{}&#8221;]<span style=\"font-weight: 400;\">Il Museo delle Civilt\u00e0 custodisce, tra le proprie collezioni enciclopediche, una molteplicit\u00e0 di oggetti di provenienza non europea. Inseriti negli inventari e nei cataloghi museali in epoche e contesti differenti, essi possono anche riflettere modalit\u00e0 di acquisizione derivanti da relazioni di potere asimmetriche o predatorie, quali quelle intercorse, a partire dal XVI secolo, tra le popolazioni native e gli esploratori o i colonizzatori europei. Le storie di questi oggetti sono estremamente eterogenee, non sempre esplicitate e chiarite nella documentazione dell\u2019epoca, oppure non ancora studiate in modo esaustivo. Allineandosi con quanto sta avvenendo nelle pi\u00f9 importanti istituzioni etnografiche europee ed internazionali, e in sintonia con il Codice di deontologia professionale di ICOM, il Museo delle Civilt\u00e0 sta attivando una serie di progetti volti a ricostruire, in forme dialogiche e partecipate, le biografie di tutte le collezioni. I progetti coinvolgono individui e collettivi nativi o discendenti dalle comunit\u00e0 connesse ai luoghi di origine e provenienza delle collezioni, fra cui rappresentanti di comunit\u00e0 indigene, artiste e artisti di vari settori, attivisti e attiviste. Adottando prospettive critiche, interrogando fonti alternative e saperi originari, le storie degli oggetti vengono rilette e riscritte, favorendo una progressiva ricontestualizzazione di ci\u00f2 che era stato inserito nella storiografia precedente e che viene cos\u00ec riportato \u2013 anche attraverso l&#8217;adozione consapevole di pratiche postcoloniali, decoloniali e anticoloniali \u2013 alla propria complessit\u00e0 storica e intersezionalit\u00e0 epistemica.<\/span><span style=\"font-weight: 400;\"><br \/>\n<\/span><span style=\"font-weight: 400;\"> Tra le attivit\u00e0 di tutela e valorizzazione del Museo \u2013 membro del Gruppo di Lavoro Provenienza e Decolonizzazione di ICOM \u2013 vi sono le ricerche condotte in collaborazione con accademie, centri di ricerca, universit\u00e0 nazionali e internazionali e i progetti organizzati nell\u2019ambito di reti istituzionali che coinvolgono altri musei africani, americani, asiatici, europei e oceaniani. Le ricerche sulla storia collezionistica del Museo si riflettono, inoltre, nel progressivo riallestimento di tutte le collezioni, attualmente in corso, e nella loro contestuale ricatalogazione e digitalizzazione, condividendo questi processi con studiose e studiosi dei Paesi di provenienza degli oggetti.<\/span><span style=\"font-weight: 400;\"><br \/>\n<\/span><span style=\"font-weight: 400;\">Particolare attenzione viene conferita, all\u2019interno di questi processi, ai resti umani ed altri materiali \u201csensibili\u201d \u2013 in quanto essi rivestono per i discendenti delle comunit\u00e0 di riferimento, un significato e un valore sacrale, ragione per cui assumono lo statuto di \u201csoggetti\u201d anzich\u00e9 di oggetti. Il Museo intende rispettare questi significati e valori, garantendo un approccio basato sull\u2019accesso diretto e sulla costante consultazione con le comunit\u00e0 di origine e provenienza e, quindi, sull\u2019impegno ad adottare le modalit\u00e0 di conservazione e le eventuali prescrizioni di esposizione indicate da queste comunit\u00e0. L\u2019indirizzo \u00e8 quello della garanzia di aderire alle sensibilit\u00e0, ai sistemi di fede e ai meccanismi di conoscenza delle comunit\u00e0 a cui i reperti e i manufatti appartengono.<\/span><span style=\"font-weight: 400;\"><br \/>\n<\/span><span style=\"font-weight: 400;\"> Queste ricerche e le progettualit\u00e0 che ne derivano sono propedeutiche, infine, anche alla preparazione di documenti e relazioni che possano coadiuvare il Ministero della Cultura italiano nelle eventuali richieste di restituzioni. Il Museo delle Civilt\u00e0 ha fatto anche parte dei componenti del Gruppo di lavoro per lo studio delle collezioni coloniali, istituito dal Ministero della Cultura italiano a supporto del Comitato per il recupero e la restituzione dei beni culturali, con l\u2019obiettivo di realizzare una mappatura delle collezioni di origine non europea, individuare possibili linee guida e predisporre documentazioni storicamente e scientificamente motivate in supporto ai processi connessi alle eventuali richieste di restituzione.\u00a0<\/span><\/p>\n<p><span style=\"font-weight: 400;\">Il metodo di lavoro che il Museo delle Civilt\u00e0 ha avviato costituisce, nel suo complesso, solo la premessa e l\u2019inizio di un percorso autoriflessivo e di una prassi etica che continuer\u00e0 ad ampliarsi ed articolarsi nel corso del tempo, parallelamente alle esigenze che emergeranno nella societ\u00e0 contemporanea. Anche questa pagina andr\u00e0 ampliandosi e articolandosi quindi nel corso del tempo, accompagnando e sostanziando le ricerche e i progetti che il Museo sta conducendo.<\/span><\/p>\n<p><span style=\"font-weight: 400;\">Per eventuali richieste o informazioni \u00e8 possibile scrivere a: <\/span><a href=\"mailto:mu-civ.direzione@cultura.gov.it\"><span style=\"font-weight: 400;\">mu-civ.direzione@cultura.gov.it<\/span><\/a><br \/>\n[\/et_pb_toggle][\/et_pb_column][et_pb_column type=&#8221;1_2&#8243; _builder_version=&#8221;4.21.0&#8243; _module_preset=&#8221;default&#8221; global_colors_info=&#8221;{}&#8221;][et_pb_image src=&#8221;https:\/\/www.museodellecivilta.it\/wp-content\/uploads\/Museo-delle-Civilta-panoramica-dallalto.-Courtesy-Museo-delle-Civilta-Roma.jpg&#8221; title_text=&#8221;Museo-delle-Civilta\u0300,-panoramica-dall\u2019alto.-Courtesy-Museo-delle-Civilta\u0300,-Roma&#8221; show_in_lightbox=&#8221;on&#8221; disabled_on=&#8221;off|off|off&#8221; admin_label=&#8221;Immagine MOBILE&#8221; _builder_version=&#8221;4.25.2&#8243; _module_preset=&#8221;default&#8221; custom_margin=&#8221;||||false|false&#8221; global_colors_info=&#8221;{}&#8221;][\/et_pb_image][et_pb_text admin_label=&#8221;Organizzazione e contatti&#8221; _builder_version=&#8221;4.27.4&#8243; _module_preset=&#8221;default&#8221; header_font=&#8221;||||||||&#8221; custom_margin=&#8221;||0px||false|false&#8221; custom_padding=&#8221;||||false|false&#8221; header_font_size_tablet=&#8221;&#8221; header_font_size_phone=&#8221;25px&#8221; header_font_size_last_edited=&#8221;on|phone&#8221; global_colors_info=&#8221;{}&#8221;]<\/p>\n<h1>Organization and Contacts<\/h1>\n<p>[\/et_pb_text][et_pb_divider divider_position=&#8221;center&#8221; admin_label=&#8221;Linea divisoria&#8221; _builder_version=&#8221;4.21.0&#8243; _module_preset=&#8221;default&#8221; custom_margin=&#8221;||0px||false|false&#8221; custom_padding=&#8221;||||false|false&#8221; global_colors_info=&#8221;{}&#8221;][\/et_pb_divider][et_pb_toggle title=&#8221;Directorate&#8221; open_toggle_text_color=&#8221;#000000&#8243; open_toggle_background_color=&#8221;RGBA(255,255,255,0)&#8221; closed_toggle_background_color=&#8221;RGBA(255,255,255,0)&#8221; icon_color=&#8221;#000000&#8243; toggle_icon=&#8221;&#x33;||divi||400&#8243; use_icon_font_size=&#8221;on&#8221; icon_font_size=&#8221;35px&#8221; open_icon_color=&#8221;#000000&#8243; open_toggle_icon=&#8221;&#x32;||divi||400&#8243; open_use_icon_font_size=&#8221;on&#8221; open_icon_font_size=&#8221;35px&#8221; admin_label=&#8221;DIREZIONE&#8221; _builder_version=&#8221;4.27.5&#8243; _module_preset=&#8221;default&#8221; title_text_color=&#8221;#000000&#8243; title_level=&#8221;h6&#8243; title_font=&#8221;Nero MDC light|700|||||||&#8221; title_font_size=&#8221;22px&#8221; closed_title_font=&#8221;Nero MDC light||||||||&#8221; body_line_height=&#8221;1.3em&#8221; custom_margin=&#8221;||0px||false|false&#8221; custom_padding=&#8221;|0px|5px|0px|false|false&#8221; hover_enabled=&#8221;0&#8243; title_font_size_tablet=&#8221;22px&#8221; title_font_size_phone=&#8221;20px&#8221; title_font_size_last_edited=&#8221;on|desktop&#8221; title_line_height_tablet=&#8221;&#8221; title_line_height_phone=&#8221;1.2em&#8221; title_line_height_last_edited=&#8221;on|phone&#8221; body_font_size_tablet=&#8221;&#8221; body_font_size_phone=&#8221;18px&#8221; body_font_size_last_edited=&#8221;on|phone&#8221; custom_css_main_element=&#8221;border:0px&#8221; global_colors_info=&#8221;{}&#8221; sticky_enabled=&#8221;0&#8243;]<\/p>\n<p>Managing Director:<b>\u00a0Luana Toniolo<\/b><\/p>\n<p>The Museum Director can rely on an Administrative Secretary who offers support in every aspect of administration, helps draft the yearly performance report, fight corruption, plan steps in implementing the Three-Year Plan for Prevention of Corruption and Transparency and Integrity, distributes information on matters of particular relevance through circulars\/directives, files appeals, and participates in recruiting personnel.<\/p>\n<p>Manager: <a href=\"https:\/\/web.archive.org\/web\/20250415165530\/mailto:%22antonietta.martinucci@cultura.gov.it%22\"><strong>Antonietta Martinucci<\/strong><\/a>, funzionario amministrativo<\/p>\n<p><strong>The Museum Directorate\u2019s Prevention and Protection service is currently composed as follows:<\/strong><br \/><strong>Alessandro Bernoni<\/strong>, Prevention and Protection Service Manager (RSPP)<br \/><strong>Debora Farina<\/strong>, appointed physician<br \/><strong>Carmelo Raimondo<\/strong>, appointed physician<\/p>\n<p><strong>Employee Safety Representative<\/strong><br \/><strong>Sabina Cappai<\/strong><\/p>\n<p>[\/et_pb_toggle][et_pb_toggle title=&#8221;Management offices&#8221; open_toggle_text_color=&#8221;#000000&#8243; open_toggle_background_color=&#8221;RGBA(255,255,255,0)&#8221; closed_toggle_background_color=&#8221;RGBA(255,255,255,0)&#8221; icon_color=&#8221;#000000&#8243; toggle_icon=&#8221;&#x33;||divi||400&#8243; use_icon_font_size=&#8221;on&#8221; icon_font_size=&#8221;35px&#8221; open_icon_color=&#8221;#000000&#8243; open_toggle_icon=&#8221;&#x32;||divi||400&#8243; open_use_icon_font_size=&#8221;on&#8221; open_icon_font_size=&#8221;35px&#8221; admin_label=&#8221;UFFICI DIREZIONE&#8221; _builder_version=&#8221;4.27.4&#8243; _module_preset=&#8221;default&#8221; title_text_color=&#8221;#000000&#8243; title_level=&#8221;h6&#8243; title_font=&#8221;Nero MDC light|700|||||||&#8221; title_font_size=&#8221;22px&#8221; closed_title_font=&#8221;Nero MDC light||||||||&#8221; body_line_height=&#8221;1.3em&#8221; custom_margin=&#8221;||0px||false|false&#8221; custom_padding=&#8221;|0px|5px|0px|false|false&#8221; title_font_size_tablet=&#8221;22px&#8221; title_font_size_phone=&#8221;20px&#8221; title_font_size_last_edited=&#8221;on|desktop&#8221; title_line_height_tablet=&#8221;&#8221; title_line_height_phone=&#8221;1.2em&#8221; title_line_height_last_edited=&#8221;on|phone&#8221; body_font_size_tablet=&#8221;&#8221; body_font_size_phone=&#8221;18px&#8221; body_font_size_last_edited=&#8221;on|phone&#8221; custom_css_main_element=&#8221;border:0px&#8221; global_colors_info=&#8221;{}&#8221;]<\/p>\n<p><b>Managerial activities coordination<\/b><\/p>\n<p><b>Anna Maria Pecci<\/b>, external consultant<br \/>annamaria.pecci@cultura.gov.it<br \/>+39 0654952234<\/p>\n<p><b>Institutional relations<br \/><\/b>Manager:\u00a0<b>Antonietta Martinucci<\/b>, administrative secretary<\/p>\n<p><b>Trade Union relations<br \/><\/b>Manager: (to be appointed)<\/p>\n<p><b>Ceremonial services<br \/><\/b>Manager: (to be appointed)<\/p>\n<p><b>Development programing<br \/><\/b>Manager: Museum Director<\/p>\n<p><b>Staff<br \/><\/b>Directorate staff management:<a href=\"mailto:rosaanna.dilella@cultura.gov.it\"><strong> Rosa Anna Di Lella<\/strong><\/a>, demoethnoanthropologist official <b><\/b><b>Gaia Delpino<\/b>, demoethnoanthropologist official<br \/><b>Alessandra Sperduti<\/b>, anthropologist official<br \/><b>Francesca Manuela Anzelmo<\/b>, art historian official<br \/><b>Antonietta Martinucci<\/b>, administrative secretary<br \/><strong>Laura Giuliano, <\/strong>archeologist official<br \/><b><\/b><b>Alessandra Montedoro<\/b>, conservation restorer official<\/p>\n<p>[\/et_pb_toggle][et_pb_toggle title=&#8221;Conservation, study and management of collections and archives, Educational Services and Research&#8221; open_toggle_text_color=&#8221;#000000&#8243; open_toggle_background_color=&#8221;RGBA(255,255,255,0)&#8221; closed_toggle_background_color=&#8221;RGBA(255,255,255,0)&#8221; icon_color=&#8221;#000000&#8243; toggle_icon=&#8221;&#x33;||divi||400&#8243; use_icon_font_size=&#8221;on&#8221; icon_font_size=&#8221;35px&#8221; open_icon_color=&#8221;#000000&#8243; open_toggle_icon=&#8221;&#x32;||divi||400&#8243; open_use_icon_font_size=&#8221;on&#8221; open_icon_font_size=&#8221;35px&#8221; admin_label=&#8221;CURA, STUDIO E GESTIONE DELLE COLLEZIONI E DEGLI ARCHIVI, SERVIZI EDUCATIVI E RICERCA&#8221; _builder_version=&#8221;4.27.4&#8243; _module_preset=&#8221;default&#8221; title_text_color=&#8221;#000000&#8243; title_level=&#8221;h6&#8243; title_font=&#8221;Nero MDC light|700|||||||&#8221; title_font_size=&#8221;22px&#8221; closed_title_font=&#8221;Nero MDC light||||||||&#8221; body_line_height=&#8221;1.3em&#8221; custom_margin=&#8221;||0px||false|false&#8221; custom_padding=&#8221;|0px|5px|0px|false|false&#8221; title_font_size_tablet=&#8221;22px&#8221; title_font_size_phone=&#8221;20px&#8221; title_font_size_last_edited=&#8221;on|desktop&#8221; title_line_height_tablet=&#8221;&#8221; title_line_height_phone=&#8221;1.2em&#8221; title_line_height_last_edited=&#8221;on|phone&#8221; body_font_size_tablet=&#8221;&#8221; body_font_size_phone=&#8221;18px&#8221; body_font_size_last_edited=&#8221;on|phone&#8221; custom_css_main_element=&#8221;border:0px&#8221; global_colors_info=&#8221;{}&#8221;]<\/p>\n<p><b>Area Manager and Coordinator<\/b><b><br \/><\/b><strong>Laura Giuliano, <\/strong>archeologist official<\/p>\n<p><b>Managers and Coordinators of activities indicated for which curatorship is also assigned:<\/b><\/p>\n<p><b>Paleolithic, Mesolithic, and Archeo-zoological collections<\/b><b><br \/><\/b><b>Francesca Alhaique<\/b>, anthropology official<\/p>\n<p><b>Neolithic, Eneolithic, Bronze Age, and Foreign Collections<\/b><b><br \/><\/b><b>Paolo Boccuccia<\/b>, archeologist official<\/p>\n<p><b>Iron Age<\/b><b><br \/><\/b><b>Myriam Pierri,\u00a0<\/b>archeologist official<\/p>\n<p><b>Bio-anthropology<\/b><b><br \/><\/b><b>Francesca Candilio<\/b><b>,\u00a0<\/b>anthropologist official<br \/><b>Alessandra Sperduti<\/b><b>,\u00a0<\/b>anthropologist official<\/p>\n<p><b>Oceania<\/b><b><br \/><\/b><strong>Maria Onori<\/strong>, art historian official<\/p>\n<p><b>America<\/b><b><br \/><\/b><b>Francesca Manuela Anzelmo<\/b><b>,<\/b>\u00a0art historian official<br \/><b>Camilla Fratini<\/b>, demoethnoanthropologist official<\/p>\n<p><b>Africa<\/b><b><br \/><\/b><b>Gaia Delpino<\/b><b>,\u00a0<\/b>demoethnoanthropologist official<\/p>\n<p><b>Islamic world<\/b><b><br \/><\/b>(to be appointed)<\/p>\n<p><b>East Asia<\/b><b><br \/><\/b><strong>Pierfrancesco Fedi<\/strong>, art historian official<\/p>\n<p><b>Asia (the former Luigi Pigorini Museum collections) Gandhara, India, South-east Asia, and the former MNAO Asia Collections Numismatic Area<\/b><b><br \/><\/b><b>Laura Giuliano<\/b><b>,<\/b>\u00a0archeologist official<\/p>\n<p><b>Tibet, Nepal<\/b><b><br \/><\/b>(to be appointed)<\/p>\n<p><b>Early Middle-Ages<\/b><b><br \/><\/b><b>S<\/b><b>tefano Pintor<\/b>, archeologist official<\/p>\n<p><b>The former Colonial Museum<\/b><b><br \/><\/b><b>Gaia Delpino<\/b>, demoethnoanthropologist official<br \/><b>Rosa Anna Di Lella<\/b><b>,<\/b>\u00a0demoethnoanthropologist official<\/p>\n<p><b>Italian Ethnography<\/b><b><br \/><\/b><b>Maria Ludovica Piazzi<\/b>, art historian official,<br \/><b>Francesca Romana Uccella<\/b>, demoethnoanthropologist official,<br \/><b>Sara Visco<\/b>, administrative official<\/p>\n<p><b>Contemporary Arts and Culture Collections<\/b><b><br \/><\/b><b>Matteo Lucchetti<\/b>, external consultant<\/p>\n<h3>Conservation and Restoration<\/h3>\n<p>Manager and Coordinator of the Palace of Sciences Conservation and Restoration Workshop<\/p>\n<p><b>Alessandra Montedoro<\/b>, restorer official<br \/>alessandra.montedoro@cultura.gov.it<\/p>\n<p><b>Contact person for ceramic and glass materials, metals, natural and synthetic organic materials, photographic material, goods from the second half of the 20th and 21st centuries, and contemporary arts and cultures<\/b><\/p>\n<p><b>Serena Francone<\/b>, conservation restorer official<\/p>\n<p><b>Contact person for decorated surfaces of architecture, stone and stone-derived materials, stucco, paintings on canvas and board, painted wood, graphic works, paintings on paper, book and archival paper materials<\/b><b><br \/><\/b><b>Giulia Cervi<\/b>, conservation restorer official<br \/><strong>Laura Tocci<\/strong>, conservation restorer official<\/p>\n<h3>Storage<\/h3>\n<p><b>Storage and Preservation Manager<\/b><b><br \/><\/b><b>Giulia Cervi<\/b>, conservation restorer official<\/p>\n<p><b>Asset management and legal protection manager:<\/b><\/p>\n<p><b>Prehistory<\/b><b><br \/><\/b><b>Paolo Boccuccia<\/b>, archeologist official<\/p>\n<p><b>Africa<\/b><b><br \/><\/b><b>Gaia Delpino<\/b>, demoethnoanthropologist official<\/p>\n<p><b>America<\/b><b><br \/><\/b><b>Francesca Manuela Anzelmo<\/b>\u00a0art historian official<\/p>\n<p><b>Oceania<\/b><b><br \/><\/b><strong>Maria Onori<\/strong>, art historian official<\/p>\n<p><b>Asia<\/b> (ex MNAO)<b><br \/><\/b><b>Laura Giuliano<\/b>, archeologist official<\/p>\n<p><b>Folk Art and Traditions<\/b><b><br \/><\/b><b>Francesca Romana Uccella<\/b>, demoethnoanthropologist official<\/p>\n<p><b>Early Middle-Ages<\/b><b><br \/><\/b><b>Stefano Pintor<\/b>, archeologist official<\/p>\n<p><b>Forner Colonial Museum collections<\/b><b><br \/><\/b><b>Rosa Anna Di Lella<\/b>, demoethnoanthropologist official<\/p>\n<p><b>Anthropology<\/b><b><br \/><\/b><b>Francesca Candilio<\/b>, anthropologist official<\/p>\n<p><b>Archeo-zoology<\/b><b><br \/><\/b><b>Francesca Alhaique<\/b>, anthropologist official<\/p>\n<h3>Loan services<br \/><a href=\"mailto:mu-civ.prestiti@cultura.gov.it\"><strong>mu-civ.prestiti@cultura.gov.it<\/strong><\/a><\/h3>\n<p><b>Manager for loans:<\/b>\u00a0the curators of the collections and their respective exhibitions<\/p>\n<p><b>Contact person for documental collection and conservation activities<\/b><b><br \/><\/b><b>Serena Francone<\/b>, conservation restorer official<\/p>\n<h3>Inventory and Catalogue service<\/h3>\n<p><b>Manager:<\/b><b><br \/><\/b><b>Daniele Rossetti<\/b>, archeologist official<\/p>\n<p><b>External catalog<\/b><b><br \/><\/b><b>Manager:<\/b><b><br \/><\/b><b>Laura Giuliano<\/b>, archeologist official<\/p>\n<h3>Study and Research Service<\/h3>\n<p><b>Manager:<\/b><\/p>\n<p><b>Paolo Boccuccia<\/b>, archeologist official<\/p>\n<h3>Educational services<br \/><a href=\"https:\/\/web.archive.org\/web\/20250415165530\/mailto:mu-civ.didattica@cultura.gov.it\">mu-civ.didattica@cultura.gov.it<\/a><\/h3>\n<p><b>Concessionaire Relations Manager:\u00a0<\/b>lawyer to the Director<\/p>\n<p><b>Manager and Coordinator<\/b><b><br \/><\/b><b>Rosa Anna Di Lella<\/b>, demoethnoanthropologist official<\/p>\n<p><b>Prehistory<\/b><b><br \/><\/b><b>Paolo Boccuccia<\/b>, archeologist official<\/p>\n<p><b>Ethnography<\/b><b><br \/><\/b><b>Gaia Delpino<\/b>, demoethnoanthropologist official<\/p>\n<p><b>Physical anthropology<\/b><b><br \/><\/b><b>Francesca Candilio<\/b>, anthropologist official<br \/><b>Alessandra Sperduti<\/b>, anthropologist official<\/p>\n<p><b>Archeo-zoology and Paleontology of the Quaternary Period<\/b><b><br \/><\/b><b>Francesca Alhaique<\/b>, anthropologist official<\/p>\n<p><b>Early Middle-Ages<\/b><b><br \/><\/b><b>S<\/b><b>tefano Pintor<\/b>, archeologist official<\/p>\n<p><b>Folk Traditions<\/b><b><br \/><\/b><b>Maria Ludovica Piazzi<\/b>, art historian official<\/p>\n<p><b>DG-er and MIUR Projects<\/b><b><br \/><\/b><b>Sara Visco,\u00a0<\/b>administrative official<\/p>\n<p><b><\/b><b>Training and Research<\/b><b><br \/><\/b><b>Alessandra Sperduti<\/b>, anthropologist official<\/p>\n<p><b>Accessibility<\/b><b><br \/><\/b><b>Laura Giuliano<\/b>, archeologist official<br \/><strong>Francesca Naldoni<\/strong>, demoethnoanthropologist official<br \/><b>Daniela Bordoni<\/b>, AFAV (Visitor reception and supervision assistant)<\/p>\n<p><b>Inter-culture<\/b><b><br \/><\/b><b>Francesca Manuela Anzelmo,<\/b>\u00a0art historian official<br \/><b><strong>Francesca Naldoni<\/strong><\/b>, demoethnoanthropologist official<b><br \/>Gaia Delpino<\/b>, demoethnoanthropologist official<br \/><b>Daniela Bordoni<\/b>, AFAV (Visitor reception and supervision assistant)<\/p>\n<p><b>Restoration<\/b><b><br \/><\/b><b>Giulia Cervi<\/b>, conservation restorer official<br \/><b>Serena Francone<\/b>, conservation restorer official<br \/><b>Alessandra Montedoro<\/b>, conservation restorer official<\/p>\n<p><b>Personnel assigned:<\/b><b><br \/><\/b><b>Achille Fiorillo<\/b>, auxiliary services official<\/p>\n<h3>Internships<br \/><a href=\"https:\/\/web.archive.org\/web\/20250415165530\/mailto:mu-civ.tirocini@cultura.gov.it\">mu-civ.tirocini@cultura.gov.it<\/a><\/h3>\n<p><b>Manager<\/b><b><br \/><\/b><b>Serena Francone<\/b>, restorer official<\/p>\n<h3>Photographic, historical-documentary, drawing and survey archival collections<\/h3>\n<p><b>Manager and Coordinator<\/b><b><br \/><\/b><b>Myriam Pierri<\/b>, archeologist official<\/p>\n<p><b>The contact persons for the sections below are as follows:<\/b><\/p>\n<p><b>The Early Middle-Ages Collections historical archives.<\/b><b><br \/><\/b><b>Stefano Pintor,<\/b>\u00a0archeologist official<\/p>\n<p><b>Audiovisual, historical-documental and photographic collections and Italian Ethnography Prints Section<\/b><b><br \/><\/b><b>Maria Ludovica Piazzi<\/b>, art historian official<\/p>\n<p><b>Archeological documentation, drawings and survey\u00a0<\/b><b><br \/><\/b><b>Paolo Boccuccia<\/b>, archeologist official<\/p>\n<p><b>Former MNAO and IsMEO excavations documentation<\/b><b><br \/><\/b><b>Laura Giuliano<\/b>, archeologist official<\/p>\n<h3>Photoreproduction service<\/h3>\n<p><b>Manager<\/b><b><br \/><\/b><b>Maria Onori<\/b>, art historian official<\/p>\n<p><b>Personnel assigned<\/b><b><br \/><\/b><b>Fabio Naccari<\/b>, Technical Assistant<\/p>\n<h3>Digitalization<\/h3>\n<p><b>Manager<\/b><b><br \/><\/b><b>Myriam Pierri<\/b>, archeologist official<\/p>\n<p><b>Collaborator<br \/>Fabio Sacchi, <\/b>Technical Assistant<\/p>\n<h3>Seizures and Protection of Collections<\/h3>\n<p><b>Manager<\/b><b><br \/><\/b><b>Stefano Pintor<\/b>, archeologist official<\/p>\n<h3>Acquisitions and Donations<\/h3>\n<p>(to be appointed)<\/p>\n<h3>Libraries<br \/><a href=\"https:\/\/web.archive.org\/web\/20250415165530\/mailto:mu-civ.biblioteca@cultura.gov.it\">mu-civ.biblioteca@cultura.gov.it<\/a><\/h3>\n<p><b>Manager and Coordinator<\/b><b><br \/><\/b><b>Francesca Candilio<\/b>, anthropologist official<\/p>\n<p><b>The contact persons for the sections below are as follows:<\/b><\/p>\n<p><b>The Early Middle Ages Museum Library<\/b><b><br \/><\/b><b>Stefano Pintor,\u00a0<\/b>archeologist official<\/p>\n<p><b>The Prehistoric Ethnographic Museum Library<\/b><b><br \/><\/b><b>Francesca Candilio<\/b>, anthropologist official<\/p>\n<p><b>The Oriental Art Museum Library<\/b><b><br \/><\/b><b>Laura Giuliano, <\/b>archeologist official<\/p>\n<p><b>Personnel assigned<\/b><b><br \/><\/b><b>Barbara Impiglia,\u00a0<\/b>administrative management assistant<br \/><b>Marco Russomanno, <\/b>administrative management assistant<b>\u00a0<\/b><\/p>\n<p>[\/et_pb_toggle][et_pb_toggle title=&#8221;Science services and Workshops&#8221; open_toggle_text_color=&#8221;#000000&#8243; open_toggle_background_color=&#8221;RGBA(255,255,255,0)&#8221; closed_toggle_background_color=&#8221;RGBA(255,255,255,0)&#8221; icon_color=&#8221;#000000&#8243; toggle_icon=&#8221;&#x33;||divi||400&#8243; use_icon_font_size=&#8221;on&#8221; icon_font_size=&#8221;35px&#8221; open_icon_color=&#8221;#000000&#8243; open_toggle_icon=&#8221;&#x32;||divi||400&#8243; open_use_icon_font_size=&#8221;on&#8221; open_icon_font_size=&#8221;35px&#8221; admin_label=&#8221;LABORATORI E SERVIZI SCIENTIFICI&#8221; _builder_version=&#8221;4.27.4&#8243; _module_preset=&#8221;default&#8221; title_text_color=&#8221;#000000&#8243; title_level=&#8221;h6&#8243; title_font=&#8221;Nero MDC light|700|||||||&#8221; title_font_size=&#8221;22px&#8221; closed_title_font=&#8221;Nero MDC light||||||||&#8221; body_line_height=&#8221;1.3em&#8221; custom_margin=&#8221;||0px||false|false&#8221; custom_padding=&#8221;|0px|5px|0px|false|false&#8221; title_font_size_tablet=&#8221;22px&#8221; title_font_size_phone=&#8221;20px&#8221; title_font_size_last_edited=&#8221;on|desktop&#8221; title_line_height_tablet=&#8221;&#8221; title_line_height_phone=&#8221;1.2em&#8221; title_line_height_last_edited=&#8221;on|phone&#8221; body_font_size_tablet=&#8221;&#8221; body_font_size_phone=&#8221;18px&#8221; body_font_size_last_edited=&#8221;on|phone&#8221; custom_css_main_element=&#8221;border:0px&#8221; global_colors_info=&#8221;{}&#8221;]<\/p>\n<p>Bio-archeology service<\/p>\n<p><b>Manager<\/b><b><br \/><\/b><b>Alessandra Sperduti,<\/b>\u00a0anthropologist official<\/p>\n<p><b>Manager of osteological human collections<\/b><b><br \/><\/b><b>Francesca Candilio,\u00a0<\/b>anthropologist official<br \/><b>Alessandra Sperduti<\/b>, anthropologist official<\/p>\n<p><b>Manager of osteological wildlife collections<\/b><b><br \/><\/b><b>Francesca Alhaique<\/b>, anthropologist official<br \/><b>Michela Grimaldi<\/b>, paleontologist official<\/p>\n<p>Analytic Microscope Service<\/p>\n<p><b>Manager<\/b><b><br \/><\/b><b>Francesca Alhaique<\/b>, anthropologist official<\/p>\n<p><b>Deputy Managers<\/b><b><br \/><\/b><b>Francesca Candilio<\/b>, anthropologist official<br \/><b>Michela Grimaldi<\/b>, paleontologist official<\/p>\n<p>Palethnology laboratory<\/p>\n<p><b>Manager<\/b><b><br \/><\/b><b>Paolo Boccuccia<\/b>, archeologist official<\/p>\n<p>[\/et_pb_toggle][et_pb_toggle title=&#8221;Human resource administration, management, and finance&#8221; open_toggle_text_color=&#8221;#000000&#8243; open_toggle_background_color=&#8221;RGBA(255,255,255,0)&#8221; closed_toggle_background_color=&#8221;RGBA(255,255,255,0)&#8221; icon_color=&#8221;#000000&#8243; toggle_icon=&#8221;&#x33;||divi||400&#8243; use_icon_font_size=&#8221;on&#8221; icon_font_size=&#8221;35px&#8221; open_icon_color=&#8221;#000000&#8243; open_toggle_icon=&#8221;&#x32;||divi||400&#8243; open_use_icon_font_size=&#8221;on&#8221; open_icon_font_size=&#8221;35px&#8221; admin_label=&#8221;AMMINISTRAZIONE, FINANZE E GESTIONE DELLE RISORSE UMANE&#8221; _builder_version=&#8221;4.27.4&#8243; _module_preset=&#8221;default&#8221; title_text_color=&#8221;#000000&#8243; title_level=&#8221;h6&#8243; title_font=&#8221;Nero MDC light|700|||||||&#8221; title_font_size=&#8221;22px&#8221; closed_title_font=&#8221;Nero MDC light||||||||&#8221; body_line_height=&#8221;1.3em&#8221; custom_margin=&#8221;||0px||false|false&#8221; custom_padding=&#8221;|0px|5px|0px|false|false&#8221; title_font_size_tablet=&#8221;22px&#8221; title_font_size_phone=&#8221;20px&#8221; title_font_size_last_edited=&#8221;on|desktop&#8221; title_line_height_tablet=&#8221;&#8221; title_line_height_phone=&#8221;1.2em&#8221; title_line_height_last_edited=&#8221;on|phone&#8221; body_font_size_tablet=&#8221;&#8221; body_font_size_phone=&#8221;18px&#8221; body_font_size_last_edited=&#8221;on|phone&#8221; custom_css_main_element=&#8221;border:0px&#8221; global_colors_info=&#8221;{}&#8221;]<\/p>\n<p><b>Coordinatore e Responsabile di Area<\/b><br \/><b>Antonietta Martinucci<\/b>, segretario amministrativo<\/p>\n<h3>Contabilit\u00e0<\/h3>\n<p>Accounting<br \/>+39 0654952253\/344<br \/>mu-civ.contabile@cultura.gov.it \u2013 mu-civ.economato@cultura.gov.it<\/p>\n<p><b>Area Manager and Coordinator<\/b><b><br \/><\/b><b>Antonietta Martinucci<\/b>, administrative secretary<\/p>\n<p><b>Manager and Coordinator of Accounting Area<\/b><b><br \/><\/b><b>Antonietta Martinucci,\u00a0<\/b>administrative official<\/p>\n<p><b>Collaborators<\/b><b><br \/><\/b><b>Alessandra Della Longa<\/b>, administrative management assistant<b><br \/>Giorgia Conti<\/b>, administrative management assistant<br \/><b>Valentina Cirilli<\/b>, administrative management assistant<\/p>\n<h3>Contracts and Calls for Tender<\/h3>\n<p>+39 0654952253<\/p>\n<p><a href=\"https:\/\/web.archive.org\/web\/20250415165530\/mailto:mu-civ.gare@cultura.gov.it\">mu-civ.gare@cultura.gov.it<\/a><\/p>\n<p><b>Managers<\/b><b><br \/><\/b>Giuseppe Ferraro, administrative management<\/p>\n<p><b>Personnel assigned:<\/b><b><br \/><\/b><strong>Valentina Cirilli<\/strong>, administrative management assistant<br \/>Prepares documentation for determination and assignment of contracts for works, services and supplies. Also responsible for CIG and CUP requests and keeping the register of suppliers.<\/p>\n<h3>Movable property delivery<\/h3>\n<p><b>Consignee<\/b><b><br \/><\/b>\u00a0<b>Alessandra Della Longa<\/b>, Administrative management operator<br \/>Collaborates in the distribution of expendables, the loading and unloading of movable, durable, and mass consumer goods, and inventory reconnaissance<\/p>\n<h3>Accounting agent<\/h3>\n<p><b>Accounting agent<\/b><b><br \/><\/b><b>Alessandra Della Longa,\u00a0<\/b>administrative management assistant<\/p>\n<p><b>Manager of seal for endorsement:<\/b><b><br \/><\/b><b>Antonietta Martinucci,\u00a0<\/b>administrative secretary<\/p>\n<h3>Focal Point, Protocol, Current Archives, and Documental Management<\/h3>\n<p><a href=\"mailto:mu-civ.protocollo01@cultura.gov.it\">mu-civ.protocollo01@cultura.gov.it<\/a><\/p>\n<p><b>Manager<\/b><b><br \/><\/b><b>Sara Visco,\u00a0<\/b>administrative official<br \/>Focal Point and GIADA services contact person. GIADA operative technical aspects contact person<\/p>\n<p><b>Personnel assigned<\/b><b><br \/><\/b><b>Concetta Gaudino<\/b>, administrative management assistant<br \/><strong>Chiara Tarantola<\/strong>, technical assistant<\/p>\n<h3>Human Resource management<\/h3>\n<p>(+39 0654952340 \u2013\u00a0<a href=\"https:\/\/web.archive.org\/web\/20250415165530\/mailto:mu-civ.personale@cultura.gov.it\">mu-civ.personale@cultura.gov.it<\/a>)<\/p>\n<p>Manager and Coordinator<br \/><b>Sara<\/b>\u00a0<b>Visco,<\/b>\u00a0administrative official<\/p>\n<p>Personnel assigned<br \/><b>Heleda Campi<\/b>, administrative management assistant<\/p>\n<h3>Visitor reception and supervision<\/h3>\n<p><b>Manager<\/b><b><br \/><\/b><b>Director<\/b><\/p>\n<p><b>Visitor reception and supervision<\/b><b><br \/><\/b><b>Roberta<\/b>\u00a0<b>Ceccarelli\u00a0<\/b>(AFAV)<br \/><b>Chiara De Vita<\/b>\u00a0(AFAV)<\/p>\n<p><b>Visitor reception and supervision:<br \/><\/b>Giancarlo Arena, Cinzia Bettarelli, Daniela Bordoni, Carla Bravi, Sabina Cappai, Stefano Caramelli, Pasquale Cardascia Ilaria Catarci, Roberta Ceccarelli , Francesca Cesari, Stefania Checchi, Fiorella Ciampa, Matteo Ciarapica, Eleonora Codagnone, Anna Cologgi, Antonio Cuozzo, Marco D\u2019Elia, Chiara De Vita, Giancarlo Forti, Maurizio Gasparetti, Antonio Gaudino, Sergio Iacoboni, Francesca Ingrao, Alfredo Luzzi, Nadia Marchitiello, Amedeo Massaccesi, Francesca Massimiani, Carmelo Mazzotta, Cristiano Mengarelli, Carlo Mercadante, Giampaolo\u00a0Moriconi, Alessia\u00a0Pacces, Roberto Petrone, Andra Maria Popa, Ida Renda, Luciano Risi, Lucia Romei, Laura Sarno, Lucia Stanco, Antonella Torbidoni, Giancarla Torres, Cristiana Vicarini<\/p>\n<p>[\/et_pb_toggle][et_pb_toggle title=&#8221;Structures, layouts, maintenance and security &#8221; open_toggle_text_color=&#8221;#000000&#8243; open_toggle_background_color=&#8221;RGBA(255,255,255,0)&#8221; closed_toggle_background_color=&#8221;RGBA(255,255,255,0)&#8221; icon_color=&#8221;#000000&#8243; toggle_icon=&#8221;&#x33;||divi||400&#8243; use_icon_font_size=&#8221;on&#8221; icon_font_size=&#8221;35px&#8221; open_icon_color=&#8221;#000000&#8243; open_toggle_icon=&#8221;&#x32;||divi||400&#8243; open_use_icon_font_size=&#8221;on&#8221; open_icon_font_size=&#8221;35px&#8221; admin_label=&#8221;STRUTTURE, ALLESTIMENTI, MANUTENZIONE E SICUREZZA&#8221; _builder_version=&#8221;4.27.4&#8243; _module_preset=&#8221;default&#8221; title_text_color=&#8221;#000000&#8243; title_level=&#8221;h6&#8243; title_font=&#8221;Nero MDC light|700|||||||&#8221; title_font_size=&#8221;22px&#8221; closed_title_font=&#8221;Nero MDC light||||||||&#8221; body_line_height=&#8221;1.3em&#8221; custom_margin=&#8221;||0px||false|false&#8221; custom_padding=&#8221;|0px|5px|0px|false|false&#8221; title_font_size_tablet=&#8221;22px&#8221; title_font_size_phone=&#8221;20px&#8221; title_font_size_last_edited=&#8221;on|desktop&#8221; title_line_height_tablet=&#8221;&#8221; title_line_height_phone=&#8221;1.2em&#8221; title_line_height_last_edited=&#8221;on|phone&#8221; body_font_size_tablet=&#8221;&#8221; body_font_size_phone=&#8221;18px&#8221; body_font_size_last_edited=&#8221;on|phone&#8221; custom_css_main_element=&#8221;border:0px&#8221; global_colors_info=&#8221;{}&#8221;]<\/p>\n<h3>Maintenance, utilities, security and design service<\/h3>\n<p><span style=\"font-weight: 400;\">lawyer to the Director<\/span><br \/>+39 0654952251 \/254<\/p>\n<p><a href=\"https:\/\/web.archive.org\/web\/20250415165530\/mailto:mu-civ.tecnico@cultura.gov.it\">mu-civ.tecnico@cultura.gov.it<\/a><\/p>\n<p><b>Personnel assigned:<br \/>Luisa Grasso, <\/b>architect official<b><br \/><\/b><b>Amedeo Abate, <\/b>Technical Assistant<br \/><b>Vito Imparato<\/b>, Technical Assistant<br \/><b>Enrico Tron<\/b>, Technical Assistant<br \/><b>Roberto Binotti<\/b>, Technical Assistant<\/p>\n<h3>IAN and RPV Information technology<\/h3>\n<p><b>Manager<\/b><b><br \/><\/b>(to be appointed)<\/p>\n<p><b>Personnel assigned<\/b><b><br \/><\/b><b>Fabio Sacchi<\/b>, Technical Assistant<\/p>\n<p>[\/et_pb_toggle][et_pb_toggle title=&#8221;Communication, marketing, fundraising, public relations and services, publishing &#8221; open_toggle_text_color=&#8221;#000000&#8243; open_toggle_background_color=&#8221;RGBA(255,255,255,0)&#8221; closed_toggle_background_color=&#8221;RGBA(255,255,255,0)&#8221; icon_color=&#8221;#000000&#8243; toggle_icon=&#8221;&#x33;||divi||400&#8243; use_icon_font_size=&#8221;on&#8221; icon_font_size=&#8221;35px&#8221; open_icon_color=&#8221;#000000&#8243; open_toggle_icon=&#8221;&#x32;||divi||400&#8243; open_use_icon_font_size=&#8221;on&#8221; open_icon_font_size=&#8221;35px&#8221; admin_label=&#8221;COMUNICAZIONE, MARKETING, FUNDRAISING, SERVIZI E RAPPORTI CON IL PUBBLICO, EDITORIA&#8221; _builder_version=&#8221;4.27.4&#8243; _module_preset=&#8221;default&#8221; title_text_color=&#8221;#000000&#8243; title_level=&#8221;h6&#8243; title_font=&#8221;Nero MDC light|700|||||||&#8221; title_font_size=&#8221;22px&#8221; closed_title_font=&#8221;Nero MDC light||||||||&#8221; body_line_height=&#8221;1.3em&#8221; custom_margin=&#8221;||0px||false|false&#8221; custom_padding=&#8221;|0px|5px|0px|false|false&#8221; title_font_size_tablet=&#8221;22px&#8221; title_font_size_phone=&#8221;20px&#8221; title_font_size_last_edited=&#8221;on|desktop&#8221; title_line_height_tablet=&#8221;&#8221; title_line_height_phone=&#8221;1.2em&#8221; title_line_height_last_edited=&#8221;on|phone&#8221; body_font_size_tablet=&#8221;&#8221; body_font_size_phone=&#8221;18px&#8221; body_font_size_last_edited=&#8221;on|phone&#8221; custom_css_main_element=&#8221;border:0px&#8221; global_colors_info=&#8221;{}&#8221;]<\/p>\n<p><b>Managers<\/b><b><br \/><\/b><b>Rosa Anna Di Lella<\/b>, demoethnoanthropologist official<br \/><b>Maria Onori<\/b>, art historian official<br \/><b>Sara Visco<\/b>, administrative official<\/p>\n<h3>Communication<\/h3>\n<p><a href=\"about:blank\">mu-civ.comunicazione@cultura.gov.it<\/a><\/p>\n<p><b>Contact person for relations with the press and media. Press Release issue<\/b><b><br \/><\/b><b>Maria Onori,\u00a0<\/b>art historian official<\/p>\n<p><b>Personnel assigned<\/b><b><br \/><\/b><b>Elena Martinelli,\u00a0<\/b>administrative management assistant<br \/><b>Lara Facco Press &amp; Communication<\/b> (Lara Facco, Camilla Capponi, Marianita Santarossa, Ludovica Solari, Margherita Villani)<\/p>\n<p>Working closely with the Museum\u2019s science officers, the following human resources serve as members of the Editorial board for social media and the website.<br \/><b>Francesca Manuela Anzelmo,\u00a0<\/b>art historian official<br \/><b>Rosa Anna Di Lella,\u00a0<\/b>demoethnoanthropologist official<br \/><b>Alessandra Sperduti,\u00a0<\/b>anthropologist official<\/p>\n<h3>Science Editing<\/h3>\n<p><b>Manager<\/b><b><br \/><\/b><b>Laura Giuliano<\/b>, archeologist official<\/p>\n<h3>Italian Palethnology Bulletin<\/h3>\n<p><a href=\"https:\/\/web.archive.org\/web\/20250415165530\/mailto:mu-civ.bpi@cultura.gov.it\">mu-civ.bpi@cultura.gov.it<\/a><\/p>\n<p><b>Bulletin editor<\/b><b><br \/><\/b><b>Director<\/b><\/p>\n<p><b>Italian Palethnology Bulletin Coordinator<\/b><b><br \/><\/b><b>Paolo Boccuccia<\/b>, archeologist official<\/p>\n<p><b>Italian Palethnology Bulletin Editorial Committee<\/b><b><br \/><\/b><b>Francesca Alhaique<\/b>, anthropologist official<br \/><b>Francesca Candilio<\/b>, anthropologist official<br \/><b>Gaia Delpino<\/b>, demoethnoanthropologist official<br \/><b>Rosa Anna Di Lella<\/b>, demoethnoanthropologist official<br \/><b>Alessandra Sperduti<\/b>, anthropologist official<\/p>\n<h3>Marketing, Fundraising, and Art Bonus<\/h3>\n<p><a href=\"https:\/\/web.archive.org\/web\/20250415165530\/mailto:mu-civ.artbonus@cultura.gov.it\">mu-civ.artbonus@cultura.gov.it<\/a><\/p>\n<p><b>Manager<\/b><b><br \/><\/b><b>Maria Onori,\u00a0<\/b>art historian official<\/p>\n<h3>Value enhancement<\/h3>\n<p><b>Manager and Coordinator<\/b><b><br \/><\/b><b>Francesca Manuela Anzelmo<\/b>, art historian official<\/p>\n<h3>Public relations, reception service, public relations<br \/><a href=\"mailto:mu-civ.info@cultura.gov.it\">mu-civ.info@cultura.gov.it<\/a><\/h3>\n<p>Coordinates the Museum\u2019s reception and information system. Improves reception service and indicates critical issues and needs of the public to the Personnel Department<\/p>\n<p>Public Relations Office<\/p>\n<p><b>Manager:<\/b><b><br \/><\/b><b>Maria Onori<\/b>, art historian official<\/p>\n<p><b>Personnel assigned:<\/b><b><br \/><\/b><strong>Ilaria Catarci<\/strong>, Visitor reception and supervision assistant<br \/><b>Nadia Marchitiello<\/b>, Visitor reception and supervision assistant<\/p>\n<p><b>CONCESSIONS OF USE, THIRD PARTIES, EVENTS<\/b><\/p>\n<p><b>Manager<\/b><b><br \/><\/b><b>Sara Visco<\/b>, administrative official<\/p>\n<p><b>Personnel assigned<\/b><b><br \/><\/b><strong>Chiara Tarantola<\/strong>, technical assistant<\/p>\n<p>[\/et_pb_toggle][et_pb_toggle title=&#8221;Cooperation agreements&#8221; open_toggle_text_color=&#8221;#000000&#8243; open_toggle_background_color=&#8221;RGBA(255,255,255,0)&#8221; closed_toggle_background_color=&#8221;RGBA(255,255,255,0)&#8221; icon_color=&#8221;#000000&#8243; toggle_icon=&#8221;&#x33;||divi||400&#8243; use_icon_font_size=&#8221;on&#8221; icon_font_size=&#8221;35px&#8221; open_icon_color=&#8221;#000000&#8243; open_toggle_icon=&#8221;&#x32;||divi||400&#8243; open_use_icon_font_size=&#8221;on&#8221; open_icon_font_size=&#8221;35px&#8221; admin_label=&#8221;CONVENZIONI&#8221; _builder_version=&#8221;4.27.4&#8243; _module_preset=&#8221;default&#8221; title_text_color=&#8221;#000000&#8243; title_level=&#8221;h6&#8243; title_font=&#8221;Nero MDC light|700|||||||&#8221; title_font_size=&#8221;22px&#8221; closed_title_font=&#8221;Nero MDC light||||||||&#8221; body_line_height=&#8221;1.3em&#8221; custom_margin=&#8221;||0px||false|false&#8221; custom_padding=&#8221;|0px|5px|0px|false|false&#8221; title_font_size_tablet=&#8221;22px&#8221; title_font_size_phone=&#8221;20px&#8221; title_font_size_last_edited=&#8221;on|desktop&#8221; title_line_height_tablet=&#8221;&#8221; title_line_height_phone=&#8221;1.2em&#8221; title_line_height_last_edited=&#8221;on|phone&#8221; body_font_size_tablet=&#8221;&#8221; body_font_size_phone=&#8221;18px&#8221; body_font_size_last_edited=&#8221;on|phone&#8221; custom_css_main_element=&#8221;border:0px&#8221; global_colors_info=&#8221;{}&#8221;]<\/p>\n<p><b>Relations with other institutes and partners<\/b><b><br \/><\/b>In pursuing the objectives of safeguarding its tangible and intangible, natural and scientific cultural heritage while promoting study, research, training, popularization and inclusion in cultural activities, the Museum of Civilization maintains numerous agreements with other national and international bodies and institutes.<\/p>\n<p>For the launching of collaboration projects:<br \/><b>Pathways for Transversal Skills and Orientation (PCTO)<\/b><b><br \/><\/b><b>Rossana Di Lella<\/b><\/p>\n<p><b>Curricular training internships for undergraduate students<\/b><b><br \/><\/b>mu-civ.tirocini@cultura.gov.it<\/p>\n<p>For all other cooperation agreements:<br \/><b>Gaia Delpino<\/b><b><br \/><\/b><b>Alessandra Sperduti<\/b><\/p>\n<p>[\/et_pb_toggle][\/et_pb_column][\/et_pb_row][\/et_pb_section]<\/p>\n","protected":false},"excerpt":{"rendered":"<p>The MuseumFounded in 2016, the Museum of Civilizations is an institute that vaunts special autonomy granted by the Ministry of Culture. The Museum of Civilizations was established as a major international museum focused on human beings and their multiple cultural expressions in relation with other living species for the greater appreciation, preservation, and sharing of [&hellip;]<\/p>\n","protected":false},"author":2,"featured_media":0,"parent":0,"menu_order":123,"comment_status":"closed","ping_status":"closed","template":"","meta":{"_acf_changed":false,"_et_pb_use_builder":"on","_et_pb_old_content":"","_et_gb_content_width":"","footnotes":""},"class_list":["post-262614","page","type-page","status-publish","hentry"],"acf":[],"yoast_head":"<!-- This site is optimized with the Yoast SEO plugin v27.4 - https:\/\/yoast.com\/product\/yoast-seo-wordpress\/ -->\n<title>Who we are - MUCIV-Museo delle Civilt\u00e0<\/title>\n<meta name=\"description\" content=\"0\" \/>\n<meta name=\"robots\" content=\"index, follow, max-snippet:-1, max-image-preview:large, max-video-preview:-1\" \/>\n<link rel=\"canonical\" href=\"https:\/\/www.museodellecivilta.it\/en\/who-we-are\/\" \/>\n<meta property=\"og:locale\" content=\"en_US\" \/>\n<meta property=\"og:type\" content=\"article\" \/>\n<meta property=\"og:title\" content=\"Who we are - MUCIV-Museo delle Civilt\u00e0\" \/>\n<meta property=\"og:description\" content=\"The MuseumFounded in 2016, the Museum of Civilizations is an institute that vaunts special autonomy granted by the Ministry of Culture. The Museum of Civilizations was established as a major international museum focused on human beings and their multiple cultural expressions in relation with other living species for the greater appreciation, preservation, and sharing of [&hellip;]\" \/>\n<meta property=\"og:site_name\" content=\"MUCIV-Museo delle Civilt\u00e0\" \/>\n<meta property=\"article:publisher\" content=\"https:\/\/www.facebook.com\/museocivilta\" \/>\n<meta property=\"article:modified_time\" content=\"2026-03-20T12:11:02+00:00\" \/>\n<meta name=\"twitter:card\" content=\"summary_large_image\" \/>\n<meta name=\"twitter:site\" content=\"@museocivilta\" \/>\n<meta name=\"twitter:label1\" content=\"Est. reading time\" \/>\n\t<meta name=\"twitter:data1\" content=\"19 minutes\" \/>\n<script type=\"application\/ld+json\" class=\"yoast-schema-graph\">{\"@context\":\"https:\\\/\\\/schema.org\",\"@graph\":[{\"@type\":\"WebPage\",\"@id\":\"https:\\\/\\\/www.museodellecivilta.it\\\/en\\\/who-we-are\\\/\",\"url\":\"https:\\\/\\\/www.museodellecivilta.it\\\/en\\\/who-we-are\\\/\",\"name\":\"Who we are - MUCIV-Museo delle Civilt\u00e0\",\"isPartOf\":{\"@id\":\"https:\\\/\\\/www.museodellecivilta.it\\\/#website\"},\"datePublished\":\"2023-08-24T21:04:00+00:00\",\"dateModified\":\"2026-03-20T12:11:02+00:00\",\"breadcrumb\":{\"@id\":\"https:\\\/\\\/www.museodellecivilta.it\\\/en\\\/who-we-are\\\/#breadcrumb\"},\"inLanguage\":\"en-US\",\"potentialAction\":[{\"@type\":\"ReadAction\",\"target\":[\"https:\\\/\\\/www.museodellecivilta.it\\\/en\\\/who-we-are\\\/\"]}]},{\"@type\":\"BreadcrumbList\",\"@id\":\"https:\\\/\\\/www.museodellecivilta.it\\\/en\\\/who-we-are\\\/#breadcrumb\",\"itemListElement\":[{\"@type\":\"ListItem\",\"position\":1,\"name\":\"Home\",\"item\":\"https:\\\/\\\/www.museodellecivilta.it\\\/en\\\/homepage\\\/\"},{\"@type\":\"ListItem\",\"position\":2,\"name\":\"Who we are\"}]},{\"@type\":\"WebSite\",\"@id\":\"https:\\\/\\\/www.museodellecivilta.it\\\/#website\",\"url\":\"https:\\\/\\\/www.museodellecivilta.it\\\/\",\"name\":\"MUCIV-Museo delle Civilt\u00e0\",\"description\":\"\",\"publisher\":{\"@id\":\"https:\\\/\\\/www.museodellecivilta.it\\\/#organization\"},\"potentialAction\":[{\"@type\":\"SearchAction\",\"target\":{\"@type\":\"EntryPoint\",\"urlTemplate\":\"https:\\\/\\\/www.museodellecivilta.it\\\/?s={search_term_string}\"},\"query-input\":{\"@type\":\"PropertyValueSpecification\",\"valueRequired\":true,\"valueName\":\"search_term_string\"}}],\"inLanguage\":\"en-US\"},{\"@type\":\"Organization\",\"@id\":\"https:\\\/\\\/www.museodellecivilta.it\\\/#organization\",\"name\":\"Museo delle Civilt\u00e0\",\"url\":\"https:\\\/\\\/www.museodellecivilta.it\\\/\",\"logo\":{\"@type\":\"ImageObject\",\"inLanguage\":\"en-US\",\"@id\":\"https:\\\/\\\/www.museodellecivilta.it\\\/#\\\/schema\\\/logo\\\/image\\\/\",\"url\":\"https:\\\/\\\/wwwtest.museodellecivilta.it\\\/wp-content\\\/uploads\\\/2019\\\/09\\\/MUCIV-logoheader.jpg\",\"contentUrl\":\"https:\\\/\\\/wwwtest.museodellecivilta.it\\\/wp-content\\\/uploads\\\/2019\\\/09\\\/MUCIV-logoheader.jpg\",\"width\":185,\"height\":85,\"caption\":\"Museo delle Civilt\u00e0\"},\"image\":{\"@id\":\"https:\\\/\\\/www.museodellecivilta.it\\\/#\\\/schema\\\/logo\\\/image\\\/\"},\"sameAs\":[\"https:\\\/\\\/www.facebook.com\\\/museocivilta\",\"https:\\\/\\\/x.com\\\/museocivilta\",\"https:\\\/\\\/www.instagram.com\\\/museodellecivilta\\\/\",\"https:\\\/\\\/www.youtube.com\\\/c\\\/MuseodelleCivilt-MuCiv\"]}]}<\/script>\n<!-- \/ Yoast SEO plugin. -->","yoast_head_json":{"title":"Who we are - MUCIV-Museo delle Civilt\u00e0","robots":{"index":"index","follow":"follow","max-snippet":"max-snippet:-1","max-image-preview":"max-image-preview:large","max-video-preview":"max-video-preview:-1"},"canonical":"https:\/\/www.museodellecivilta.it\/en\/who-we-are\/","og_locale":"en_US","og_type":"article","og_title":"Who we are - MUCIV-Museo delle Civilt\u00e0","og_description":"The MuseumFounded in 2016, the Museum of Civilizations is an institute that vaunts special autonomy granted by the Ministry of Culture. The Museum of Civilizations was established as a major international museum focused on human beings and their multiple cultural expressions in relation with other living species for the greater appreciation, preservation, and sharing of [&hellip;]","og_site_name":"MUCIV-Museo delle Civilt\u00e0","article_publisher":"https:\/\/www.facebook.com\/museocivilta","article_modified_time":"2026-03-20T12:11:02+00:00","twitter_card":"summary_large_image","twitter_site":"@museocivilta","twitter_misc":{"Est. reading time":"19 minutes"},"schema":{"@context":"https:\/\/schema.org","@graph":[{"@type":"WebPage","@id":"https:\/\/www.museodellecivilta.it\/en\/who-we-are\/","url":"https:\/\/www.museodellecivilta.it\/en\/who-we-are\/","name":"Who we are - MUCIV-Museo delle Civilt\u00e0","isPartOf":{"@id":"https:\/\/www.museodellecivilta.it\/#website"},"datePublished":"2023-08-24T21:04:00+00:00","dateModified":"2026-03-20T12:11:02+00:00","breadcrumb":{"@id":"https:\/\/www.museodellecivilta.it\/en\/who-we-are\/#breadcrumb"},"inLanguage":"en-US","potentialAction":[{"@type":"ReadAction","target":["https:\/\/www.museodellecivilta.it\/en\/who-we-are\/"]}]},{"@type":"BreadcrumbList","@id":"https:\/\/www.museodellecivilta.it\/en\/who-we-are\/#breadcrumb","itemListElement":[{"@type":"ListItem","position":1,"name":"Home","item":"https:\/\/www.museodellecivilta.it\/en\/homepage\/"},{"@type":"ListItem","position":2,"name":"Who we are"}]},{"@type":"WebSite","@id":"https:\/\/www.museodellecivilta.it\/#website","url":"https:\/\/www.museodellecivilta.it\/","name":"MUCIV-Museo delle Civilt\u00e0","description":"","publisher":{"@id":"https:\/\/www.museodellecivilta.it\/#organization"},"potentialAction":[{"@type":"SearchAction","target":{"@type":"EntryPoint","urlTemplate":"https:\/\/www.museodellecivilta.it\/?s={search_term_string}"},"query-input":{"@type":"PropertyValueSpecification","valueRequired":true,"valueName":"search_term_string"}}],"inLanguage":"en-US"},{"@type":"Organization","@id":"https:\/\/www.museodellecivilta.it\/#organization","name":"Museo delle Civilt\u00e0","url":"https:\/\/www.museodellecivilta.it\/","logo":{"@type":"ImageObject","inLanguage":"en-US","@id":"https:\/\/www.museodellecivilta.it\/#\/schema\/logo\/image\/","url":"https:\/\/wwwtest.museodellecivilta.it\/wp-content\/uploads\/2019\/09\/MUCIV-logoheader.jpg","contentUrl":"https:\/\/wwwtest.museodellecivilta.it\/wp-content\/uploads\/2019\/09\/MUCIV-logoheader.jpg","width":185,"height":85,"caption":"Museo delle Civilt\u00e0"},"image":{"@id":"https:\/\/www.museodellecivilta.it\/#\/schema\/logo\/image\/"},"sameAs":["https:\/\/www.facebook.com\/museocivilta","https:\/\/x.com\/museocivilta","https:\/\/www.instagram.com\/museodellecivilta\/","https:\/\/www.youtube.com\/c\/MuseodelleCivilt-MuCiv"]}]}},"_links":{"self":[{"href":"https:\/\/www.museodellecivilta.it\/en\/wp-json\/wp\/v2\/pages\/262614","targetHints":{"allow":["GET"]}}],"collection":[{"href":"https:\/\/www.museodellecivilta.it\/en\/wp-json\/wp\/v2\/pages"}],"about":[{"href":"https:\/\/www.museodellecivilta.it\/en\/wp-json\/wp\/v2\/types\/page"}],"author":[{"embeddable":true,"href":"https:\/\/www.museodellecivilta.it\/en\/wp-json\/wp\/v2\/users\/2"}],"replies":[{"embeddable":true,"href":"https:\/\/www.museodellecivilta.it\/en\/wp-json\/wp\/v2\/comments?post=262614"}],"version-history":[{"count":2,"href":"https:\/\/www.museodellecivilta.it\/en\/wp-json\/wp\/v2\/pages\/262614\/revisions"}],"predecessor-version":[{"id":276765,"href":"https:\/\/www.museodellecivilta.it\/en\/wp-json\/wp\/v2\/pages\/262614\/revisions\/276765"}],"wp:attachment":[{"href":"https:\/\/www.museodellecivilta.it\/en\/wp-json\/wp\/v2\/media?parent=262614"}],"curies":[{"name":"wp","href":"https:\/\/api.w.org\/{rel}","templated":true}]}}