{"id":270805,"date":"2025-06-03T12:11:31","date_gmt":"2025-06-03T10:11:31","guid":{"rendered":"https:\/\/www.museodellecivilta.it\/events\/il-ciclo-della-pesca-di-umberto-coromaldi-nellesposizione-romana-del-1911\/"},"modified":"2025-06-03T12:11:31","modified_gmt":"2025-06-03T10:11:31","slug":"il-ciclo-della-pesca-di-umberto-coromaldi-nellesposizione-romana-del-1911","status":"publish","type":"mec-events","link":"https:\/\/www.museodellecivilta.it\/en\/events\/il-ciclo-della-pesca-di-umberto-coromaldi-nellesposizione-romana-del-1911\/","title":{"rendered":"Il Ciclo della Pesca di Umberto Coromaldi nell&#8217;Esposizione Romana del 1911"},"content":{"rendered":"<h3>Presentazione del volume e visita ai depositi, a cura di Laura d&#8217;Agostino e Paola Iazurlo, Istituto Centrale per il Restauro<\/h3>\n<h5><strong>Ingresso gratuito. Prenotazione consigliata<\/strong><\/h5>\n<p>Dopo oltre un secolo torna a farsi ammirare il<em><strong> Ciclo della Pesca<\/strong><\/em> di <strong>Umberto Coromaldi<\/strong>, lungo fregio policromo ad olio su tela, che ornava i prospetti principali del Padiglione della Pesca nella Mostra Etnografica e delle Regioni di Roma del 1911, in occasione delle celebrazioni per il cinquantenario dell&#8217;Unit\u00e0 d&#8217;Italia.<\/p>\n<p>Grazie a un atto di comodato tra il <strong>CREA, Consiglio per la ricerca in agricoltura e l\u2019analisi dell\u2019economia agraria<\/strong>, ente proprietario, e il <strong>MUCIV-Museo delle Civilt\u00e0<\/strong>, tornano visibili le <strong>cinque grandi scene di pesca<\/strong> (<strong><em>La Sciabica<\/em>, <em>La Mattanza<\/em>, <em>L&#8217;Uscita a mare<\/em>, <em>La Riparazione delle reti<\/em>, <em>Lo Sbarco del pescato<\/em><\/strong>), ambientate nei diversi mari che circondano la Penisola. e <strong>dieci i ritratti di pescatori<\/strong> muniti degli strumenti del mestiere.<\/p>\n<p><strong>PROGRAMMA:<\/strong><\/p>\n<p><strong>ore 18.00, Sala Conferenze Diego Carpitella<\/strong><\/p>\n<p>SALUTI ISTITUZIONALI<br \/>\n<strong>Andrea Viliani<\/strong>, direttore del MUCIV &#8211; Museo delle Civilt\u00e0<br \/>\n<strong>Luigi Oliva<\/strong>, direttore dell&#8217;Istituto Centrale per il Restauro<br \/>\n<strong>Daniela Porro<\/strong>, soprintendente speciale Archeologia, belle arti e paesaggio di Roma<br \/>\n<strong>Andrea Rocchi<\/strong>, presidente del Consiglio per la Ricerca in agricoltura e l&#8217;analisi dell&#8217;economia agraria<\/p>\n<p>INTERVENGONO<br \/>\n<strong>Maria Vittoria Marini Clarelli<\/strong>, direttrice del Servizio III &#8211; Architettura contemporanea, periferie e rigenerazione urbana, DG Creativit\u00e0 Contemporanea, Ministero della Cultura<br \/>\n<strong>Piero Cimbolli Spagnesi<\/strong>, professore ordinario di Storia dell&#8217;Architettura, Dipartimento di Storia, Disegno e Restauro dell&#8217;Architettura, Sapienza &#8211; Universit\u00e0 di Roma<br \/>\n<strong>Grazia De Cesare<\/strong>, docente di restauro di dipinti su tela e manufatti sintetici, Accademia di Belle Arti &#8211; L&#8217;Aquila<\/p>\n<p><strong>ore 19.00<br \/>\n<\/strong>Visita guidata presso il deposito che ospita il <em>Ciclo della Pesca<\/em><\/p>\n","protected":false},"excerpt":{"rendered":"<p>Presentazione del volume e visita ai depositi, a cura di Laura d&#8217;Agostino e Paola Iazurlo, Istituto Centrale per il Restauro Ingresso gratuito. Prenotazione consigliata Dopo oltre un secolo torna a farsi ammirare il Ciclo della Pesca di Umberto Coromaldi, lungo fregio policromo ad olio su tela, che ornava i prospetti principali del Padiglione della Pesca [&hellip;]<\/p>\n","protected":false},"author":73,"featured_media":270801,"comment_status":"closed","ping_status":"closed","template":"","tags":[],"mec_category":[1251],"mec_speaker":[],"class_list":["post-270805","mec-events","type-mec-events","status-publish","has-post-thumbnail","hentry","mec_category-event"],"acf":[],"yoast_head":"<!-- This site is optimized with the Yoast SEO plugin v27.4 - https:\/\/yoast.com\/product\/yoast-seo-wordpress\/ -->\n<title>Presentazione volume &quot;Il Ciclo della Pesca&quot; di Umberto Coromaldi MUCIV-Museo delle Civilt\u00e0<\/title>\n<meta name=\"description\" content=\"gioved\u00ec 19 giugno 2025 al MUCIV-Museo delle Civilt\u00e0: presentazione del volume sul restauro del Ciclo della Pesca di Umberto Coromaldi del 1911\" \/>\n<meta name=\"robots\" content=\"index, follow, max-snippet:-1, max-image-preview:large, max-video-preview:-1\" \/>\n<link rel=\"canonical\" href=\"https:\/\/www.museodellecivilta.it\/events\/umbertocoromaldi_presentazione-volume\/\" \/>\n<meta property=\"og:locale\" content=\"en_US\" \/>\n<meta property=\"og:type\" content=\"article\" \/>\n<meta property=\"og:title\" content=\"Presentazione volume &quot;Il Ciclo della Pesca&quot; di Umberto Coromaldi MUCIV-Museo delle Civilt\u00e0\" \/>\n<meta property=\"og:description\" content=\"gioved\u00ec 19 giugno 2025 al MUCIV-Museo delle Civilt\u00e0: presentazione del volume sul restauro del Ciclo della Pesca di Umberto Coromaldi del 1911\" \/>\n<meta property=\"og:site_name\" content=\"MUCIV-Museo delle Civilt\u00e0\" \/>\n<meta property=\"article:publisher\" content=\"https:\/\/www.facebook.com\/museocivilta\" \/>\n<meta property=\"og:image\" content=\"https:\/\/www.museodellecivilta.it\/wp-content\/uploads\/Locandina-v_4-scaled-e1748935440958.jpg\" \/>\n\t<meta property=\"og:image:width\" content=\"1920\" \/>\n\t<meta property=\"og:image:height\" content=\"2560\" \/>\n\t<meta property=\"og:image:type\" content=\"image\/jpeg\" \/>\n<meta name=\"twitter:card\" content=\"summary_large_image\" \/>\n<meta name=\"twitter:site\" content=\"@museocivilta\" \/>\n<meta name=\"twitter:label1\" content=\"Est. reading time\" \/>\n\t<meta name=\"twitter:data1\" content=\"1 minute\" \/>\n<script type=\"application\/ld+json\" class=\"yoast-schema-graph\">{\"@context\":\"https:\\\/\\\/schema.org\",\"@graph\":[{\"@type\":\"WebPage\",\"@id\":\"https:\\\/\\\/www.museodellecivilta.it\\\/events\\\/umbertocoromaldi_presentazione-volume\\\/\",\"url\":\"https:\\\/\\\/www.museodellecivilta.it\\\/events\\\/umbertocoromaldi_presentazione-volume\\\/\",\"name\":\"Presentazione volume \\\"Il Ciclo della Pesca\\\" di Umberto Coromaldi MUCIV-Museo delle Civilt\u00e0\",\"isPartOf\":{\"@id\":\"https:\\\/\\\/www.museodellecivilta.it\\\/#website\"},\"primaryImageOfPage\":{\"@id\":\"https:\\\/\\\/www.museodellecivilta.it\\\/events\\\/umbertocoromaldi_presentazione-volume\\\/#primaryimage\"},\"image\":{\"@id\":\"https:\\\/\\\/www.museodellecivilta.it\\\/events\\\/umbertocoromaldi_presentazione-volume\\\/#primaryimage\"},\"thumbnailUrl\":\"https:\\\/\\\/www.museodellecivilta.it\\\/wp-content\\\/uploads\\\/Locandina-v_4-scaled-e1748935440958.jpg\",\"datePublished\":\"2025-06-03T10:11:31+00:00\",\"description\":\"gioved\u00ec 19 giugno 2025 al MUCIV-Museo delle Civilt\u00e0: presentazione del volume sul restauro del Ciclo della Pesca di Umberto Coromaldi del 1911\",\"breadcrumb\":{\"@id\":\"https:\\\/\\\/www.museodellecivilta.it\\\/events\\\/umbertocoromaldi_presentazione-volume\\\/#breadcrumb\"},\"inLanguage\":\"en-US\",\"potentialAction\":[{\"@type\":\"ReadAction\",\"target\":[\"https:\\\/\\\/www.museodellecivilta.it\\\/events\\\/umbertocoromaldi_presentazione-volume\\\/\"]}]},{\"@type\":\"ImageObject\",\"inLanguage\":\"en-US\",\"@id\":\"https:\\\/\\\/www.museodellecivilta.it\\\/events\\\/umbertocoromaldi_presentazione-volume\\\/#primaryimage\",\"url\":\"https:\\\/\\\/www.museodellecivilta.it\\\/wp-content\\\/uploads\\\/Locandina-v_4-scaled-e1748935440958.jpg\",\"contentUrl\":\"https:\\\/\\\/www.museodellecivilta.it\\\/wp-content\\\/uploads\\\/Locandina-v_4-scaled-e1748935440958.jpg\",\"width\":1920,\"height\":2560},{\"@type\":\"BreadcrumbList\",\"@id\":\"https:\\\/\\\/www.museodellecivilta.it\\\/events\\\/umbertocoromaldi_presentazione-volume\\\/#breadcrumb\",\"itemListElement\":[{\"@type\":\"ListItem\",\"position\":1,\"name\":\"Home\",\"item\":\"https:\\\/\\\/www.museodellecivilta.it\\\/en\\\/homepage\\\/\"},{\"@type\":\"ListItem\",\"position\":2,\"name\":\"Events\",\"item\":\"https:\\\/\\\/www.museodellecivilta.it\\\/events\\\/\"},{\"@type\":\"ListItem\",\"position\":3,\"name\":\"Il Ciclo della Pesca di Umberto Coromaldi nell&#8217;Esposizione Romana del 1911\"}]},{\"@type\":\"WebSite\",\"@id\":\"https:\\\/\\\/www.museodellecivilta.it\\\/#website\",\"url\":\"https:\\\/\\\/www.museodellecivilta.it\\\/\",\"name\":\"MUCIV-Museo delle Civilt\u00e0\",\"description\":\"\",\"publisher\":{\"@id\":\"https:\\\/\\\/www.museodellecivilta.it\\\/#organization\"},\"potentialAction\":[{\"@type\":\"SearchAction\",\"target\":{\"@type\":\"EntryPoint\",\"urlTemplate\":\"https:\\\/\\\/www.museodellecivilta.it\\\/?s={search_term_string}\"},\"query-input\":{\"@type\":\"PropertyValueSpecification\",\"valueRequired\":true,\"valueName\":\"search_term_string\"}}],\"inLanguage\":\"en-US\"},{\"@type\":\"Organization\",\"@id\":\"https:\\\/\\\/www.museodellecivilta.it\\\/#organization\",\"name\":\"Museo delle Civilt\u00e0\",\"url\":\"https:\\\/\\\/www.museodellecivilta.it\\\/\",\"logo\":{\"@type\":\"ImageObject\",\"inLanguage\":\"en-US\",\"@id\":\"https:\\\/\\\/www.museodellecivilta.it\\\/#\\\/schema\\\/logo\\\/image\\\/\",\"url\":\"https:\\\/\\\/wwwtest.museodellecivilta.it\\\/wp-content\\\/uploads\\\/2019\\\/09\\\/MUCIV-logoheader.jpg\",\"contentUrl\":\"https:\\\/\\\/wwwtest.museodellecivilta.it\\\/wp-content\\\/uploads\\\/2019\\\/09\\\/MUCIV-logoheader.jpg\",\"width\":185,\"height\":85,\"caption\":\"Museo delle Civilt\u00e0\"},\"image\":{\"@id\":\"https:\\\/\\\/www.museodellecivilta.it\\\/#\\\/schema\\\/logo\\\/image\\\/\"},\"sameAs\":[\"https:\\\/\\\/www.facebook.com\\\/museocivilta\",\"https:\\\/\\\/x.com\\\/museocivilta\",\"https:\\\/\\\/www.instagram.com\\\/museodellecivilta\\\/\",\"https:\\\/\\\/www.youtube.com\\\/c\\\/MuseodelleCivilt-MuCiv\"]}]}<\/script>\n<!-- \/ Yoast SEO plugin. -->","yoast_head_json":{"title":"Presentazione volume \"Il Ciclo della Pesca\" di Umberto Coromaldi MUCIV-Museo delle Civilt\u00e0","description":"gioved\u00ec 19 giugno 2025 al MUCIV-Museo delle Civilt\u00e0: presentazione del volume sul restauro del Ciclo della Pesca di Umberto Coromaldi del 1911","robots":{"index":"index","follow":"follow","max-snippet":"max-snippet:-1","max-image-preview":"max-image-preview:large","max-video-preview":"max-video-preview:-1"},"canonical":"https:\/\/www.museodellecivilta.it\/events\/umbertocoromaldi_presentazione-volume\/","og_locale":"en_US","og_type":"article","og_title":"Presentazione volume \"Il Ciclo della Pesca\" di Umberto Coromaldi MUCIV-Museo delle Civilt\u00e0","og_description":"gioved\u00ec 19 giugno 2025 al MUCIV-Museo delle Civilt\u00e0: presentazione del volume sul restauro del Ciclo della Pesca di Umberto Coromaldi del 1911","og_site_name":"MUCIV-Museo delle Civilt\u00e0","article_publisher":"https:\/\/www.facebook.com\/museocivilta","og_image":[{"width":1920,"height":2560,"url":"https:\/\/www.museodellecivilta.it\/wp-content\/uploads\/Locandina-v_4-scaled-e1748935440958.jpg","type":"image\/jpeg"}],"twitter_card":"summary_large_image","twitter_site":"@museocivilta","twitter_misc":{"Est. reading time":"1 minute"},"schema":{"@context":"https:\/\/schema.org","@graph":[{"@type":"WebPage","@id":"https:\/\/www.museodellecivilta.it\/events\/umbertocoromaldi_presentazione-volume\/","url":"https:\/\/www.museodellecivilta.it\/events\/umbertocoromaldi_presentazione-volume\/","name":"Presentazione volume \"Il Ciclo della Pesca\" di Umberto Coromaldi MUCIV-Museo delle Civilt\u00e0","isPartOf":{"@id":"https:\/\/www.museodellecivilta.it\/#website"},"primaryImageOfPage":{"@id":"https:\/\/www.museodellecivilta.it\/events\/umbertocoromaldi_presentazione-volume\/#primaryimage"},"image":{"@id":"https:\/\/www.museodellecivilta.it\/events\/umbertocoromaldi_presentazione-volume\/#primaryimage"},"thumbnailUrl":"https:\/\/www.museodellecivilta.it\/wp-content\/uploads\/Locandina-v_4-scaled-e1748935440958.jpg","datePublished":"2025-06-03T10:11:31+00:00","description":"gioved\u00ec 19 giugno 2025 al MUCIV-Museo delle Civilt\u00e0: presentazione del volume sul restauro del Ciclo della Pesca di Umberto Coromaldi del 1911","breadcrumb":{"@id":"https:\/\/www.museodellecivilta.it\/events\/umbertocoromaldi_presentazione-volume\/#breadcrumb"},"inLanguage":"en-US","potentialAction":[{"@type":"ReadAction","target":["https:\/\/www.museodellecivilta.it\/events\/umbertocoromaldi_presentazione-volume\/"]}]},{"@type":"ImageObject","inLanguage":"en-US","@id":"https:\/\/www.museodellecivilta.it\/events\/umbertocoromaldi_presentazione-volume\/#primaryimage","url":"https:\/\/www.museodellecivilta.it\/wp-content\/uploads\/Locandina-v_4-scaled-e1748935440958.jpg","contentUrl":"https:\/\/www.museodellecivilta.it\/wp-content\/uploads\/Locandina-v_4-scaled-e1748935440958.jpg","width":1920,"height":2560},{"@type":"BreadcrumbList","@id":"https:\/\/www.museodellecivilta.it\/events\/umbertocoromaldi_presentazione-volume\/#breadcrumb","itemListElement":[{"@type":"ListItem","position":1,"name":"Home","item":"https:\/\/www.museodellecivilta.it\/en\/homepage\/"},{"@type":"ListItem","position":2,"name":"Events","item":"https:\/\/www.museodellecivilta.it\/events\/"},{"@type":"ListItem","position":3,"name":"Il Ciclo della Pesca di Umberto Coromaldi nell&#8217;Esposizione Romana del 1911"}]},{"@type":"WebSite","@id":"https:\/\/www.museodellecivilta.it\/#website","url":"https:\/\/www.museodellecivilta.it\/","name":"MUCIV-Museo delle Civilt\u00e0","description":"","publisher":{"@id":"https:\/\/www.museodellecivilta.it\/#organization"},"potentialAction":[{"@type":"SearchAction","target":{"@type":"EntryPoint","urlTemplate":"https:\/\/www.museodellecivilta.it\/?s={search_term_string}"},"query-input":{"@type":"PropertyValueSpecification","valueRequired":true,"valueName":"search_term_string"}}],"inLanguage":"en-US"},{"@type":"Organization","@id":"https:\/\/www.museodellecivilta.it\/#organization","name":"Museo delle Civilt\u00e0","url":"https:\/\/www.museodellecivilta.it\/","logo":{"@type":"ImageObject","inLanguage":"en-US","@id":"https:\/\/www.museodellecivilta.it\/#\/schema\/logo\/image\/","url":"https:\/\/wwwtest.museodellecivilta.it\/wp-content\/uploads\/2019\/09\/MUCIV-logoheader.jpg","contentUrl":"https:\/\/wwwtest.museodellecivilta.it\/wp-content\/uploads\/2019\/09\/MUCIV-logoheader.jpg","width":185,"height":85,"caption":"Museo delle Civilt\u00e0"},"image":{"@id":"https:\/\/www.museodellecivilta.it\/#\/schema\/logo\/image\/"},"sameAs":["https:\/\/www.facebook.com\/museocivilta","https:\/\/x.com\/museocivilta","https:\/\/www.instagram.com\/museodellecivilta\/","https:\/\/www.youtube.com\/c\/MuseodelleCivilt-MuCiv"]}]}},"_links":{"self":[{"href":"https:\/\/www.museodellecivilta.it\/en\/wp-json\/wp\/v2\/mec-events\/270805","targetHints":{"allow":["GET"]}}],"collection":[{"href":"https:\/\/www.museodellecivilta.it\/en\/wp-json\/wp\/v2\/mec-events"}],"about":[{"href":"https:\/\/www.museodellecivilta.it\/en\/wp-json\/wp\/v2\/types\/mec-events"}],"author":[{"embeddable":true,"href":"https:\/\/www.museodellecivilta.it\/en\/wp-json\/wp\/v2\/users\/73"}],"replies":[{"embeddable":true,"href":"https:\/\/www.museodellecivilta.it\/en\/wp-json\/wp\/v2\/comments?post=270805"}],"wp:featuredmedia":[{"embeddable":true,"href":"https:\/\/www.museodellecivilta.it\/en\/wp-json\/wp\/v2\/media\/270801"}],"wp:attachment":[{"href":"https:\/\/www.museodellecivilta.it\/en\/wp-json\/wp\/v2\/media?parent=270805"}],"wp:term":[{"taxonomy":"post_tag","embeddable":true,"href":"https:\/\/www.museodellecivilta.it\/en\/wp-json\/wp\/v2\/tags?post=270805"},{"taxonomy":"mec_category","embeddable":true,"href":"https:\/\/www.museodellecivilta.it\/en\/wp-json\/wp\/v2\/mec_category?post=270805"},{"taxonomy":"mec_speaker","embeddable":true,"href":"https:\/\/www.museodellecivilta.it\/en\/wp-json\/wp\/v2\/mec_speaker?post=270805"}],"curies":[{"name":"wp","href":"https:\/\/api.w.org\/{rel}","templated":true}]}}