{"id":270766,"date":"2025-05-15T12:11:50","date_gmt":"2025-05-15T10:11:50","guid":{"rendered":"https:\/\/www.museodellecivilta.it\/events\/domenica-al-museo-1-giugno\/"},"modified":"2025-05-15T12:11:50","modified_gmt":"2025-05-15T10:11:50","slug":"domenica-al-museo-1-giugno","status":"publish","type":"mec-events","link":"https:\/\/www.museodellecivilta.it\/en\/events\/domenica-al-museo-1-giugno\/","title":{"rendered":"Domenica al museo | 1 giugno"},"content":{"rendered":"<p>In occasione dell\u2019iniziativa <em>#DomenicalMuseo<\/em>, che permette l\u2019ingresso gratuito al museo per tutta la giornata, il Museo delle Civilt\u00e0 propone un articolato programma di visite guidate (al solo costo della visita) alle collezioni nella sede del Palazzo delle Scienze (Piazza Guglielmo Marconi 14).<\/p>\n<p><strong>ore 11.00: <em>ATUXTU<\/em>: visita guidata con il Direttore<\/strong><br \/>\nVisita guidata gratuita per tutte e tutti. Richiesta prenotazione<br \/>\n<strong>\u27aa <span style=\"text-decoration: underline;\"><a href=\"https:\/\/www.museodellecivilta.it\/events\/atuxtu_visitaguidatadirettore_1giugno2025\/\">Prenota<\/a><\/span><\/strong><\/p>\n<p><strong>ore 15.30: <em>Dallo scavo al Museo<\/em><\/strong><br \/>\nVisita guidata per famiglie alle Collezioni Preistoriche<br \/>\nAttivit\u00e0 a pagamento. Richiesta prenotazione<br \/>\n<strong>Per maggiori informazioni e prenotazioni: e-mail: didatticamuciv@abintra.it<\/strong><br \/>\nCosti:<br \/>\n+ 18: 7,50 \u20ac<br \/>\n5-17 anni: 2,50 \u20ac<br \/>\n0 &#8211; 4: partecipazione gratuita<br \/>\n1 adulto + 1 bambino: 10,00 \u20ac<br \/>\n2 adulti + 1 bambino: 15,00 \u20ac<br \/>\n2 adulti + 2 bambini: 18,00 \u20ac<\/p>\n<p><strong>ore 17.30: <em>Dallo scavo al Museo<\/em><\/strong><br \/>\nVisita guidata per famiglie alle Collezioni Preistoriche<br \/>\nAttivit\u00e0 a pagamento. Richiesta prenotazione<br \/>\n<strong>Per maggiori informazioni e prenotazioni: e-mail: didatticamuciv@abintra.it<\/strong><br \/>\nCosti:<br \/>\n+ 18: 7,50 \u20ac<br \/>\n5-17 anni: 2,50 \u20ac<br \/>\n0 &#8211; 4: partecipazione gratuita<br \/>\n1 adulto + 1 bambino: 10,00 \u20ac<br \/>\n2 adulti + 1 bambino: 15,00 \u20ac<br \/>\n2 adulti + 2 bambini: 18,00 \u20ac<\/p>\n","protected":false},"excerpt":{"rendered":"<p>In occasione dell\u2019iniziativa #DomenicalMuseo, che permette l\u2019ingresso gratuito al museo per tutta la giornata, il Museo delle Civilt\u00e0 propone un articolato programma di visite guidate (al solo costo della visita) alle collezioni nella sede del Palazzo delle Scienze (Piazza Guglielmo Marconi 14). ore 11.00: ATUXTU: visita guidata con il Direttore Visita guidata gratuita per tutte [&hellip;]<\/p>\n","protected":false},"author":61,"featured_media":270754,"comment_status":"closed","ping_status":"closed","template":"","tags":[],"mec_category":[1251],"mec_speaker":[],"class_list":["post-270766","mec-events","type-mec-events","status-publish","has-post-thumbnail","hentry","mec_category-event"],"acf":[],"yoast_head":"<!-- This site is optimized with the Yoast SEO plugin v27.4 - https:\/\/yoast.com\/product\/yoast-seo-wordpress\/ -->\n<title>Domenica al museo | 1 giugno - MUCIV-Museo delle Civilt\u00e0<\/title>\n<meta name=\"description\" content=\"Domenica 1 giugno al Museo delle Civilt\u00e0. Ingresso gratuito per tutto il pubblico, attivit\u00e0 e visite guidate per tutte le et\u00e0.\" \/>\n<meta name=\"robots\" content=\"index, follow, max-snippet:-1, max-image-preview:large, max-video-preview:-1\" \/>\n<link rel=\"canonical\" href=\"https:\/\/www.museodellecivilta.it\/events\/domenica-al-museo-1-giugno\/\" \/>\n<meta property=\"og:locale\" content=\"en_US\" \/>\n<meta property=\"og:type\" content=\"article\" \/>\n<meta property=\"og:title\" content=\"Domenica al museo | 1 giugno - MUCIV-Museo delle Civilt\u00e0\" \/>\n<meta property=\"og:description\" content=\"Domenica 1 giugno al Museo delle Civilt\u00e0. Ingresso gratuito per tutto il pubblico, attivit\u00e0 e visite guidate per tutte le et\u00e0.\" \/>\n<meta property=\"og:site_name\" content=\"MUCIV-Museo delle Civilt\u00e0\" \/>\n<meta property=\"article:publisher\" content=\"https:\/\/www.facebook.com\/museocivilta\" \/>\n<meta property=\"og:image\" content=\"https:\/\/www.museodellecivilta.it\/wp-content\/uploads\/Domenicalmuseo_1giugno2025_Template_Card.jpg\" \/>\n\t<meta property=\"og:image:width\" content=\"1920\" \/>\n\t<meta property=\"og:image:height\" content=\"1080\" \/>\n\t<meta property=\"og:image:type\" content=\"image\/jpeg\" \/>\n<meta name=\"twitter:card\" content=\"summary_large_image\" \/>\n<meta name=\"twitter:site\" content=\"@museocivilta\" \/>\n<meta name=\"twitter:label1\" content=\"Est. reading time\" \/>\n\t<meta name=\"twitter:data1\" content=\"1 minute\" \/>\n<script type=\"application\/ld+json\" class=\"yoast-schema-graph\">{\"@context\":\"https:\\\/\\\/schema.org\",\"@graph\":[{\"@type\":\"WebPage\",\"@id\":\"https:\\\/\\\/www.museodellecivilta.it\\\/events\\\/domenica-al-museo-1-giugno\\\/\",\"url\":\"https:\\\/\\\/www.museodellecivilta.it\\\/events\\\/domenica-al-museo-1-giugno\\\/\",\"name\":\"Domenica al museo | 1 giugno - MUCIV-Museo delle Civilt\u00e0\",\"isPartOf\":{\"@id\":\"https:\\\/\\\/www.museodellecivilta.it\\\/#website\"},\"primaryImageOfPage\":{\"@id\":\"https:\\\/\\\/www.museodellecivilta.it\\\/events\\\/domenica-al-museo-1-giugno\\\/#primaryimage\"},\"image\":{\"@id\":\"https:\\\/\\\/www.museodellecivilta.it\\\/events\\\/domenica-al-museo-1-giugno\\\/#primaryimage\"},\"thumbnailUrl\":\"https:\\\/\\\/www.museodellecivilta.it\\\/wp-content\\\/uploads\\\/Domenicalmuseo_1giugno2025_Template_Card.jpg\",\"datePublished\":\"2025-05-15T10:11:50+00:00\",\"description\":\"Domenica 1 giugno al Museo delle Civilt\u00e0. Ingresso gratuito per tutto il pubblico, attivit\u00e0 e visite guidate per tutte le et\u00e0.\",\"breadcrumb\":{\"@id\":\"https:\\\/\\\/www.museodellecivilta.it\\\/events\\\/domenica-al-museo-1-giugno\\\/#breadcrumb\"},\"inLanguage\":\"en-US\",\"potentialAction\":[{\"@type\":\"ReadAction\",\"target\":[\"https:\\\/\\\/www.museodellecivilta.it\\\/events\\\/domenica-al-museo-1-giugno\\\/\"]}]},{\"@type\":\"ImageObject\",\"inLanguage\":\"en-US\",\"@id\":\"https:\\\/\\\/www.museodellecivilta.it\\\/events\\\/domenica-al-museo-1-giugno\\\/#primaryimage\",\"url\":\"https:\\\/\\\/www.museodellecivilta.it\\\/wp-content\\\/uploads\\\/Domenicalmuseo_1giugno2025_Template_Card.jpg\",\"contentUrl\":\"https:\\\/\\\/www.museodellecivilta.it\\\/wp-content\\\/uploads\\\/Domenicalmuseo_1giugno2025_Template_Card.jpg\",\"width\":1920,\"height\":1080},{\"@type\":\"BreadcrumbList\",\"@id\":\"https:\\\/\\\/www.museodellecivilta.it\\\/events\\\/domenica-al-museo-1-giugno\\\/#breadcrumb\",\"itemListElement\":[{\"@type\":\"ListItem\",\"position\":1,\"name\":\"Home\",\"item\":\"https:\\\/\\\/www.museodellecivilta.it\\\/en\\\/homepage\\\/\"},{\"@type\":\"ListItem\",\"position\":2,\"name\":\"Events\",\"item\":\"https:\\\/\\\/www.museodellecivilta.it\\\/events\\\/\"},{\"@type\":\"ListItem\",\"position\":3,\"name\":\"Domenica al museo | 1 giugno\"}]},{\"@type\":\"WebSite\",\"@id\":\"https:\\\/\\\/www.museodellecivilta.it\\\/#website\",\"url\":\"https:\\\/\\\/www.museodellecivilta.it\\\/\",\"name\":\"MUCIV-Museo delle Civilt\u00e0\",\"description\":\"\",\"publisher\":{\"@id\":\"https:\\\/\\\/www.museodellecivilta.it\\\/#organization\"},\"potentialAction\":[{\"@type\":\"SearchAction\",\"target\":{\"@type\":\"EntryPoint\",\"urlTemplate\":\"https:\\\/\\\/www.museodellecivilta.it\\\/?s={search_term_string}\"},\"query-input\":{\"@type\":\"PropertyValueSpecification\",\"valueRequired\":true,\"valueName\":\"search_term_string\"}}],\"inLanguage\":\"en-US\"},{\"@type\":\"Organization\",\"@id\":\"https:\\\/\\\/www.museodellecivilta.it\\\/#organization\",\"name\":\"Museo delle Civilt\u00e0\",\"url\":\"https:\\\/\\\/www.museodellecivilta.it\\\/\",\"logo\":{\"@type\":\"ImageObject\",\"inLanguage\":\"en-US\",\"@id\":\"https:\\\/\\\/www.museodellecivilta.it\\\/#\\\/schema\\\/logo\\\/image\\\/\",\"url\":\"https:\\\/\\\/wwwtest.museodellecivilta.it\\\/wp-content\\\/uploads\\\/2019\\\/09\\\/MUCIV-logoheader.jpg\",\"contentUrl\":\"https:\\\/\\\/wwwtest.museodellecivilta.it\\\/wp-content\\\/uploads\\\/2019\\\/09\\\/MUCIV-logoheader.jpg\",\"width\":185,\"height\":85,\"caption\":\"Museo delle Civilt\u00e0\"},\"image\":{\"@id\":\"https:\\\/\\\/www.museodellecivilta.it\\\/#\\\/schema\\\/logo\\\/image\\\/\"},\"sameAs\":[\"https:\\\/\\\/www.facebook.com\\\/museocivilta\",\"https:\\\/\\\/x.com\\\/museocivilta\",\"https:\\\/\\\/www.instagram.com\\\/museodellecivilta\\\/\",\"https:\\\/\\\/www.youtube.com\\\/c\\\/MuseodelleCivilt-MuCiv\"]}]}<\/script>\n<!-- \/ Yoast SEO plugin. -->","yoast_head_json":{"title":"Domenica al museo | 1 giugno - MUCIV-Museo delle Civilt\u00e0","description":"Domenica 1 giugno al Museo delle Civilt\u00e0. Ingresso gratuito per tutto il pubblico, attivit\u00e0 e visite guidate per tutte le et\u00e0.","robots":{"index":"index","follow":"follow","max-snippet":"max-snippet:-1","max-image-preview":"max-image-preview:large","max-video-preview":"max-video-preview:-1"},"canonical":"https:\/\/www.museodellecivilta.it\/events\/domenica-al-museo-1-giugno\/","og_locale":"en_US","og_type":"article","og_title":"Domenica al museo | 1 giugno - MUCIV-Museo delle Civilt\u00e0","og_description":"Domenica 1 giugno al Museo delle Civilt\u00e0. Ingresso gratuito per tutto il pubblico, attivit\u00e0 e visite guidate per tutte le et\u00e0.","og_site_name":"MUCIV-Museo delle Civilt\u00e0","article_publisher":"https:\/\/www.facebook.com\/museocivilta","og_image":[{"width":1920,"height":1080,"url":"https:\/\/www.museodellecivilta.it\/wp-content\/uploads\/Domenicalmuseo_1giugno2025_Template_Card.jpg","type":"image\/jpeg"}],"twitter_card":"summary_large_image","twitter_site":"@museocivilta","twitter_misc":{"Est. reading time":"1 minute"},"schema":{"@context":"https:\/\/schema.org","@graph":[{"@type":"WebPage","@id":"https:\/\/www.museodellecivilta.it\/events\/domenica-al-museo-1-giugno\/","url":"https:\/\/www.museodellecivilta.it\/events\/domenica-al-museo-1-giugno\/","name":"Domenica al museo | 1 giugno - MUCIV-Museo delle Civilt\u00e0","isPartOf":{"@id":"https:\/\/www.museodellecivilta.it\/#website"},"primaryImageOfPage":{"@id":"https:\/\/www.museodellecivilta.it\/events\/domenica-al-museo-1-giugno\/#primaryimage"},"image":{"@id":"https:\/\/www.museodellecivilta.it\/events\/domenica-al-museo-1-giugno\/#primaryimage"},"thumbnailUrl":"https:\/\/www.museodellecivilta.it\/wp-content\/uploads\/Domenicalmuseo_1giugno2025_Template_Card.jpg","datePublished":"2025-05-15T10:11:50+00:00","description":"Domenica 1 giugno al Museo delle Civilt\u00e0. Ingresso gratuito per tutto il pubblico, attivit\u00e0 e visite guidate per tutte le et\u00e0.","breadcrumb":{"@id":"https:\/\/www.museodellecivilta.it\/events\/domenica-al-museo-1-giugno\/#breadcrumb"},"inLanguage":"en-US","potentialAction":[{"@type":"ReadAction","target":["https:\/\/www.museodellecivilta.it\/events\/domenica-al-museo-1-giugno\/"]}]},{"@type":"ImageObject","inLanguage":"en-US","@id":"https:\/\/www.museodellecivilta.it\/events\/domenica-al-museo-1-giugno\/#primaryimage","url":"https:\/\/www.museodellecivilta.it\/wp-content\/uploads\/Domenicalmuseo_1giugno2025_Template_Card.jpg","contentUrl":"https:\/\/www.museodellecivilta.it\/wp-content\/uploads\/Domenicalmuseo_1giugno2025_Template_Card.jpg","width":1920,"height":1080},{"@type":"BreadcrumbList","@id":"https:\/\/www.museodellecivilta.it\/events\/domenica-al-museo-1-giugno\/#breadcrumb","itemListElement":[{"@type":"ListItem","position":1,"name":"Home","item":"https:\/\/www.museodellecivilta.it\/en\/homepage\/"},{"@type":"ListItem","position":2,"name":"Events","item":"https:\/\/www.museodellecivilta.it\/events\/"},{"@type":"ListItem","position":3,"name":"Domenica al museo | 1 giugno"}]},{"@type":"WebSite","@id":"https:\/\/www.museodellecivilta.it\/#website","url":"https:\/\/www.museodellecivilta.it\/","name":"MUCIV-Museo delle Civilt\u00e0","description":"","publisher":{"@id":"https:\/\/www.museodellecivilta.it\/#organization"},"potentialAction":[{"@type":"SearchAction","target":{"@type":"EntryPoint","urlTemplate":"https:\/\/www.museodellecivilta.it\/?s={search_term_string}"},"query-input":{"@type":"PropertyValueSpecification","valueRequired":true,"valueName":"search_term_string"}}],"inLanguage":"en-US"},{"@type":"Organization","@id":"https:\/\/www.museodellecivilta.it\/#organization","name":"Museo delle Civilt\u00e0","url":"https:\/\/www.museodellecivilta.it\/","logo":{"@type":"ImageObject","inLanguage":"en-US","@id":"https:\/\/www.museodellecivilta.it\/#\/schema\/logo\/image\/","url":"https:\/\/wwwtest.museodellecivilta.it\/wp-content\/uploads\/2019\/09\/MUCIV-logoheader.jpg","contentUrl":"https:\/\/wwwtest.museodellecivilta.it\/wp-content\/uploads\/2019\/09\/MUCIV-logoheader.jpg","width":185,"height":85,"caption":"Museo delle Civilt\u00e0"},"image":{"@id":"https:\/\/www.museodellecivilta.it\/#\/schema\/logo\/image\/"},"sameAs":["https:\/\/www.facebook.com\/museocivilta","https:\/\/x.com\/museocivilta","https:\/\/www.instagram.com\/museodellecivilta\/","https:\/\/www.youtube.com\/c\/MuseodelleCivilt-MuCiv"]}]}},"_links":{"self":[{"href":"https:\/\/www.museodellecivilta.it\/en\/wp-json\/wp\/v2\/mec-events\/270766","targetHints":{"allow":["GET"]}}],"collection":[{"href":"https:\/\/www.museodellecivilta.it\/en\/wp-json\/wp\/v2\/mec-events"}],"about":[{"href":"https:\/\/www.museodellecivilta.it\/en\/wp-json\/wp\/v2\/types\/mec-events"}],"author":[{"embeddable":true,"href":"https:\/\/www.museodellecivilta.it\/en\/wp-json\/wp\/v2\/users\/61"}],"replies":[{"embeddable":true,"href":"https:\/\/www.museodellecivilta.it\/en\/wp-json\/wp\/v2\/comments?post=270766"}],"wp:featuredmedia":[{"embeddable":true,"href":"https:\/\/www.museodellecivilta.it\/en\/wp-json\/wp\/v2\/media\/270754"}],"wp:attachment":[{"href":"https:\/\/www.museodellecivilta.it\/en\/wp-json\/wp\/v2\/media?parent=270766"}],"wp:term":[{"taxonomy":"post_tag","embeddable":true,"href":"https:\/\/www.museodellecivilta.it\/en\/wp-json\/wp\/v2\/tags?post=270766"},{"taxonomy":"mec_category","embeddable":true,"href":"https:\/\/www.museodellecivilta.it\/en\/wp-json\/wp\/v2\/mec_category?post=270766"},{"taxonomy":"mec_speaker","embeddable":true,"href":"https:\/\/www.museodellecivilta.it\/en\/wp-json\/wp\/v2\/mec_speaker?post=270766"}],"curies":[{"name":"wp","href":"https:\/\/api.w.org\/{rel}","templated":true}]}}