{"id":270390,"date":"2025-04-14T15:19:57","date_gmt":"2025-04-14T13:19:57","guid":{"rendered":"https:\/\/www.museodellecivilta.it\/events\/domenica-al-museo-4-maggio-2025\/"},"modified":"2025-04-14T15:19:57","modified_gmt":"2025-04-14T13:19:57","slug":"domenica-al-museo-4-maggio-2025","status":"publish","type":"mec-events","link":"https:\/\/www.museodellecivilta.it\/en\/events\/domenica-al-museo-4-maggio-2025\/","title":{"rendered":"Domenica al museo | 4 maggio 2025"},"content":{"rendered":"<h4><strong>Ingresso gratuito<\/strong><\/h4>\n<p>In occasione dell\u2019iniziativa <em>#DomenicalMuseo<\/em>, che permette l\u2019ingresso gratuito al museo per tutta la giornata, il Museo delle Civilt\u00e0 propone un articolato programma di visite guidate (al solo costo della visita) alle collezioni nella sede del Palazzo delle Scienze (Piazza Guglielmo Marconi 14).<\/p>\n<h5><strong>ore 11.00: <em>ATUXTU<\/em>: visita guidata gratuita con il Direttore<\/strong><\/h5>\n<p><strong>Visita gratuita per tutte e tutti. Richiesta prenotazione<br \/>\n<a href=\"https:\/\/www.museodellecivilta.it\/en\/events\/atuxtu-visita-guidata-con-il-direttore\/?occurrence=2025-05-04\">\u27aa <span style=\"text-decoration: underline;\">Prenota qui<\/span><\/a><\/strong><\/p>\n<h5><strong>ore 14.30: Visita guidata alle Collezioni Preistoriche<\/strong><\/h5>\n<p><strong>Visite a pagamento. Richiesta prenotazione<br \/>\n<\/strong>+ 18: 7,50 \u20ac<br \/>\n5-17 anni: 2,50 \u20ac<br \/>\n0 &#8211; 4: partecipazione gratuita<br \/>\n\u2022 1 adulto + 1 bambino: 10,00 \u20ac<br \/>\n\u2022 2 adulti + 1 bambino: 15,00 \u20ac<br \/>\n\u2022 2 adulti + 2 bambini: 18,00 \u20ac<br \/>\nPer maggiori informazioni e prenotazioni: e-mail: didatticamuciv@abintra.it<\/p>\n<h5><strong>ore 16.30:<\/strong><strong> Dallo scavo al Museo<\/strong><\/h5>\n<p><strong>Visita guidata per famiglie alle Collezioni Preistoriche<\/strong><br \/>\n+ 18: 7,50 \u20ac<br \/>\n5-17 anni: 2,50 \u20ac<br \/>\n0 &#8211; 4: partecipazione gratuita<br \/>\n\u2022 1 adulto + 1 bambino: 10,00 \u20ac<br \/>\n\u2022 2 adulti + 1 bambino: 15,00 \u20ac<br \/>\n\u2022 2 adulti + 2 bambini: 18,00 \u20ac<br \/>\nPer maggiori <strong>informazioni e prenotazioni<\/strong>: e-mail: didatticamuciv@abintra.it<\/p>\n","protected":false},"excerpt":{"rendered":"<p>Ingresso gratuito In occasione dell\u2019iniziativa #DomenicalMuseo, che permette l\u2019ingresso gratuito al museo per tutta la giornata, il Museo delle Civilt\u00e0 propone un articolato programma di visite guidate (al solo costo della visita) alle collezioni nella sede del Palazzo delle Scienze (Piazza Guglielmo Marconi 14). ore 11.00: ATUXTU: visita guidata gratuita con il Direttore Visita gratuita [&hellip;]<\/p>\n","protected":false},"author":2,"featured_media":270386,"comment_status":"closed","ping_status":"closed","template":"","tags":[],"mec_category":[1251],"mec_speaker":[],"class_list":["post-270390","mec-events","type-mec-events","status-publish","has-post-thumbnail","hentry","mec_category-event"],"acf":[],"yoast_head":"<!-- This site is optimized with the Yoast SEO plugin v27.4 - https:\/\/yoast.com\/product\/yoast-seo-wordpress\/ -->\n<title>Domenica al museo | 4 maggio 2025 - MUCIV-Museo delle Civilt\u00e0<\/title>\n<meta name=\"description\" content=\"domenica 4 maggio 2025: ingresso gratuito al MUCIV-Museo delle Civilt\u00e0 con visite e laboratori per tutte le et\u00e0\" \/>\n<meta name=\"robots\" content=\"index, follow, max-snippet:-1, max-image-preview:large, max-video-preview:-1\" \/>\n<link rel=\"canonical\" href=\"https:\/\/www.museodellecivilta.it\/events\/domenicalmuseo-4maggio2025\/\" \/>\n<meta property=\"og:locale\" content=\"en_US\" \/>\n<meta property=\"og:type\" content=\"article\" \/>\n<meta property=\"og:title\" content=\"Domenica al museo | 4 maggio 2025 - MUCIV-Museo delle Civilt\u00e0\" \/>\n<meta property=\"og:description\" content=\"domenica 4 maggio 2025: ingresso gratuito al MUCIV-Museo delle Civilt\u00e0 con visite e laboratori per tutte le et\u00e0\" \/>\n<meta property=\"og:site_name\" content=\"MUCIV-Museo delle Civilt\u00e0\" \/>\n<meta property=\"article:publisher\" content=\"https:\/\/www.facebook.com\/museocivilta\" \/>\n<meta property=\"og:image\" content=\"https:\/\/www.museodellecivilta.it\/wp-content\/uploads\/Domenicalmuseo_4maggio2025_Template_Card.jpg\" \/>\n\t<meta property=\"og:image:width\" content=\"1920\" \/>\n\t<meta property=\"og:image:height\" content=\"1080\" \/>\n\t<meta property=\"og:image:type\" content=\"image\/jpeg\" \/>\n<meta name=\"twitter:card\" content=\"summary_large_image\" \/>\n<meta name=\"twitter:site\" content=\"@museocivilta\" \/>\n<meta name=\"twitter:label1\" content=\"Est. reading time\" \/>\n\t<meta name=\"twitter:data1\" content=\"1 minute\" \/>\n<script type=\"application\/ld+json\" class=\"yoast-schema-graph\">{\"@context\":\"https:\\\/\\\/schema.org\",\"@graph\":[{\"@type\":\"WebPage\",\"@id\":\"https:\\\/\\\/www.museodellecivilta.it\\\/events\\\/domenicalmuseo-4maggio2025\\\/\",\"url\":\"https:\\\/\\\/www.museodellecivilta.it\\\/events\\\/domenicalmuseo-4maggio2025\\\/\",\"name\":\"Domenica al museo | 4 maggio 2025 - MUCIV-Museo delle Civilt\u00e0\",\"isPartOf\":{\"@id\":\"https:\\\/\\\/www.museodellecivilta.it\\\/#website\"},\"primaryImageOfPage\":{\"@id\":\"https:\\\/\\\/www.museodellecivilta.it\\\/events\\\/domenicalmuseo-4maggio2025\\\/#primaryimage\"},\"image\":{\"@id\":\"https:\\\/\\\/www.museodellecivilta.it\\\/events\\\/domenicalmuseo-4maggio2025\\\/#primaryimage\"},\"thumbnailUrl\":\"https:\\\/\\\/www.museodellecivilta.it\\\/wp-content\\\/uploads\\\/Domenicalmuseo_4maggio2025_Template_Card.jpg\",\"datePublished\":\"2025-04-14T13:19:57+00:00\",\"description\":\"domenica 4 maggio 2025: ingresso gratuito al MUCIV-Museo delle Civilt\u00e0 con visite e laboratori per tutte le et\u00e0\",\"breadcrumb\":{\"@id\":\"https:\\\/\\\/www.museodellecivilta.it\\\/events\\\/domenicalmuseo-4maggio2025\\\/#breadcrumb\"},\"inLanguage\":\"en-US\",\"potentialAction\":[{\"@type\":\"ReadAction\",\"target\":[\"https:\\\/\\\/www.museodellecivilta.it\\\/events\\\/domenicalmuseo-4maggio2025\\\/\"]}]},{\"@type\":\"ImageObject\",\"inLanguage\":\"en-US\",\"@id\":\"https:\\\/\\\/www.museodellecivilta.it\\\/events\\\/domenicalmuseo-4maggio2025\\\/#primaryimage\",\"url\":\"https:\\\/\\\/www.museodellecivilta.it\\\/wp-content\\\/uploads\\\/Domenicalmuseo_4maggio2025_Template_Card.jpg\",\"contentUrl\":\"https:\\\/\\\/www.museodellecivilta.it\\\/wp-content\\\/uploads\\\/Domenicalmuseo_4maggio2025_Template_Card.jpg\",\"width\":1920,\"height\":1080},{\"@type\":\"BreadcrumbList\",\"@id\":\"https:\\\/\\\/www.museodellecivilta.it\\\/events\\\/domenicalmuseo-4maggio2025\\\/#breadcrumb\",\"itemListElement\":[{\"@type\":\"ListItem\",\"position\":1,\"name\":\"Home\",\"item\":\"https:\\\/\\\/www.museodellecivilta.it\\\/en\\\/homepage\\\/\"},{\"@type\":\"ListItem\",\"position\":2,\"name\":\"Events\",\"item\":\"https:\\\/\\\/www.museodellecivilta.it\\\/events\\\/\"},{\"@type\":\"ListItem\",\"position\":3,\"name\":\"Domenica al museo | 4 maggio 2025\"}]},{\"@type\":\"WebSite\",\"@id\":\"https:\\\/\\\/www.museodellecivilta.it\\\/#website\",\"url\":\"https:\\\/\\\/www.museodellecivilta.it\\\/\",\"name\":\"MUCIV-Museo delle Civilt\u00e0\",\"description\":\"\",\"publisher\":{\"@id\":\"https:\\\/\\\/www.museodellecivilta.it\\\/#organization\"},\"potentialAction\":[{\"@type\":\"SearchAction\",\"target\":{\"@type\":\"EntryPoint\",\"urlTemplate\":\"https:\\\/\\\/www.museodellecivilta.it\\\/?s={search_term_string}\"},\"query-input\":{\"@type\":\"PropertyValueSpecification\",\"valueRequired\":true,\"valueName\":\"search_term_string\"}}],\"inLanguage\":\"en-US\"},{\"@type\":\"Organization\",\"@id\":\"https:\\\/\\\/www.museodellecivilta.it\\\/#organization\",\"name\":\"Museo delle Civilt\u00e0\",\"url\":\"https:\\\/\\\/www.museodellecivilta.it\\\/\",\"logo\":{\"@type\":\"ImageObject\",\"inLanguage\":\"en-US\",\"@id\":\"https:\\\/\\\/www.museodellecivilta.it\\\/#\\\/schema\\\/logo\\\/image\\\/\",\"url\":\"https:\\\/\\\/wwwtest.museodellecivilta.it\\\/wp-content\\\/uploads\\\/2019\\\/09\\\/MUCIV-logoheader.jpg\",\"contentUrl\":\"https:\\\/\\\/wwwtest.museodellecivilta.it\\\/wp-content\\\/uploads\\\/2019\\\/09\\\/MUCIV-logoheader.jpg\",\"width\":185,\"height\":85,\"caption\":\"Museo delle Civilt\u00e0\"},\"image\":{\"@id\":\"https:\\\/\\\/www.museodellecivilta.it\\\/#\\\/schema\\\/logo\\\/image\\\/\"},\"sameAs\":[\"https:\\\/\\\/www.facebook.com\\\/museocivilta\",\"https:\\\/\\\/x.com\\\/museocivilta\",\"https:\\\/\\\/www.instagram.com\\\/museodellecivilta\\\/\",\"https:\\\/\\\/www.youtube.com\\\/c\\\/MuseodelleCivilt-MuCiv\"]}]}<\/script>\n<!-- \/ Yoast SEO plugin. -->","yoast_head_json":{"title":"Domenica al museo | 4 maggio 2025 - MUCIV-Museo delle Civilt\u00e0","description":"domenica 4 maggio 2025: ingresso gratuito al MUCIV-Museo delle Civilt\u00e0 con visite e laboratori per tutte le et\u00e0","robots":{"index":"index","follow":"follow","max-snippet":"max-snippet:-1","max-image-preview":"max-image-preview:large","max-video-preview":"max-video-preview:-1"},"canonical":"https:\/\/www.museodellecivilta.it\/events\/domenicalmuseo-4maggio2025\/","og_locale":"en_US","og_type":"article","og_title":"Domenica al museo | 4 maggio 2025 - MUCIV-Museo delle Civilt\u00e0","og_description":"domenica 4 maggio 2025: ingresso gratuito al MUCIV-Museo delle Civilt\u00e0 con visite e laboratori per tutte le et\u00e0","og_site_name":"MUCIV-Museo delle Civilt\u00e0","article_publisher":"https:\/\/www.facebook.com\/museocivilta","og_image":[{"width":1920,"height":1080,"url":"https:\/\/www.museodellecivilta.it\/wp-content\/uploads\/Domenicalmuseo_4maggio2025_Template_Card.jpg","type":"image\/jpeg"}],"twitter_card":"summary_large_image","twitter_site":"@museocivilta","twitter_misc":{"Est. reading time":"1 minute"},"schema":{"@context":"https:\/\/schema.org","@graph":[{"@type":"WebPage","@id":"https:\/\/www.museodellecivilta.it\/events\/domenicalmuseo-4maggio2025\/","url":"https:\/\/www.museodellecivilta.it\/events\/domenicalmuseo-4maggio2025\/","name":"Domenica al museo | 4 maggio 2025 - MUCIV-Museo delle Civilt\u00e0","isPartOf":{"@id":"https:\/\/www.museodellecivilta.it\/#website"},"primaryImageOfPage":{"@id":"https:\/\/www.museodellecivilta.it\/events\/domenicalmuseo-4maggio2025\/#primaryimage"},"image":{"@id":"https:\/\/www.museodellecivilta.it\/events\/domenicalmuseo-4maggio2025\/#primaryimage"},"thumbnailUrl":"https:\/\/www.museodellecivilta.it\/wp-content\/uploads\/Domenicalmuseo_4maggio2025_Template_Card.jpg","datePublished":"2025-04-14T13:19:57+00:00","description":"domenica 4 maggio 2025: ingresso gratuito al MUCIV-Museo delle Civilt\u00e0 con visite e laboratori per tutte le et\u00e0","breadcrumb":{"@id":"https:\/\/www.museodellecivilta.it\/events\/domenicalmuseo-4maggio2025\/#breadcrumb"},"inLanguage":"en-US","potentialAction":[{"@type":"ReadAction","target":["https:\/\/www.museodellecivilta.it\/events\/domenicalmuseo-4maggio2025\/"]}]},{"@type":"ImageObject","inLanguage":"en-US","@id":"https:\/\/www.museodellecivilta.it\/events\/domenicalmuseo-4maggio2025\/#primaryimage","url":"https:\/\/www.museodellecivilta.it\/wp-content\/uploads\/Domenicalmuseo_4maggio2025_Template_Card.jpg","contentUrl":"https:\/\/www.museodellecivilta.it\/wp-content\/uploads\/Domenicalmuseo_4maggio2025_Template_Card.jpg","width":1920,"height":1080},{"@type":"BreadcrumbList","@id":"https:\/\/www.museodellecivilta.it\/events\/domenicalmuseo-4maggio2025\/#breadcrumb","itemListElement":[{"@type":"ListItem","position":1,"name":"Home","item":"https:\/\/www.museodellecivilta.it\/en\/homepage\/"},{"@type":"ListItem","position":2,"name":"Events","item":"https:\/\/www.museodellecivilta.it\/events\/"},{"@type":"ListItem","position":3,"name":"Domenica al museo | 4 maggio 2025"}]},{"@type":"WebSite","@id":"https:\/\/www.museodellecivilta.it\/#website","url":"https:\/\/www.museodellecivilta.it\/","name":"MUCIV-Museo delle Civilt\u00e0","description":"","publisher":{"@id":"https:\/\/www.museodellecivilta.it\/#organization"},"potentialAction":[{"@type":"SearchAction","target":{"@type":"EntryPoint","urlTemplate":"https:\/\/www.museodellecivilta.it\/?s={search_term_string}"},"query-input":{"@type":"PropertyValueSpecification","valueRequired":true,"valueName":"search_term_string"}}],"inLanguage":"en-US"},{"@type":"Organization","@id":"https:\/\/www.museodellecivilta.it\/#organization","name":"Museo delle Civilt\u00e0","url":"https:\/\/www.museodellecivilta.it\/","logo":{"@type":"ImageObject","inLanguage":"en-US","@id":"https:\/\/www.museodellecivilta.it\/#\/schema\/logo\/image\/","url":"https:\/\/wwwtest.museodellecivilta.it\/wp-content\/uploads\/2019\/09\/MUCIV-logoheader.jpg","contentUrl":"https:\/\/wwwtest.museodellecivilta.it\/wp-content\/uploads\/2019\/09\/MUCIV-logoheader.jpg","width":185,"height":85,"caption":"Museo delle Civilt\u00e0"},"image":{"@id":"https:\/\/www.museodellecivilta.it\/#\/schema\/logo\/image\/"},"sameAs":["https:\/\/www.facebook.com\/museocivilta","https:\/\/x.com\/museocivilta","https:\/\/www.instagram.com\/museodellecivilta\/","https:\/\/www.youtube.com\/c\/MuseodelleCivilt-MuCiv"]}]}},"_links":{"self":[{"href":"https:\/\/www.museodellecivilta.it\/en\/wp-json\/wp\/v2\/mec-events\/270390","targetHints":{"allow":["GET"]}}],"collection":[{"href":"https:\/\/www.museodellecivilta.it\/en\/wp-json\/wp\/v2\/mec-events"}],"about":[{"href":"https:\/\/www.museodellecivilta.it\/en\/wp-json\/wp\/v2\/types\/mec-events"}],"author":[{"embeddable":true,"href":"https:\/\/www.museodellecivilta.it\/en\/wp-json\/wp\/v2\/users\/2"}],"replies":[{"embeddable":true,"href":"https:\/\/www.museodellecivilta.it\/en\/wp-json\/wp\/v2\/comments?post=270390"}],"wp:featuredmedia":[{"embeddable":true,"href":"https:\/\/www.museodellecivilta.it\/en\/wp-json\/wp\/v2\/media\/270386"}],"wp:attachment":[{"href":"https:\/\/www.museodellecivilta.it\/en\/wp-json\/wp\/v2\/media?parent=270390"}],"wp:term":[{"taxonomy":"post_tag","embeddable":true,"href":"https:\/\/www.museodellecivilta.it\/en\/wp-json\/wp\/v2\/tags?post=270390"},{"taxonomy":"mec_category","embeddable":true,"href":"https:\/\/www.museodellecivilta.it\/en\/wp-json\/wp\/v2\/mec_category?post=270390"},{"taxonomy":"mec_speaker","embeddable":true,"href":"https:\/\/www.museodellecivilta.it\/en\/wp-json\/wp\/v2\/mec_speaker?post=270390"}],"curies":[{"name":"wp","href":"https:\/\/api.w.org\/{rel}","templated":true}]}}