{"id":267391,"date":"2024-12-20T12:39:40","date_gmt":"2024-12-20T11:39:40","guid":{"rendered":"https:\/\/wwwtest.museodellecivilta.it\/events\/visita-alla-mostra-tessere-e-umano-isabella-ducrot-e-le-collezioni-tessili-del-museo-delle-civilta\/"},"modified":"2024-12-20T12:39:40","modified_gmt":"2024-12-20T11:39:40","slug":"visita-alla-mostra-tessere-e-umano-isabella-ducrot-e-le-collezioni-tessili-del-museo-delle-civilta","status":"publish","type":"mec-events","link":"https:\/\/www.museodellecivilta.it\/en\/events\/visita-alla-mostra-tessere-e-umano-isabella-ducrot-e-le-collezioni-tessili-del-museo-delle-civilta\/","title":{"rendered":"Visita alla mostra TESSERE \u00c8 UMANO. Isabella Ducrot\u2026 e le collezioni tessili del Museo delle Civilt\u00e0"},"content":{"rendered":"<p>La visita guidata alla mostra <strong>TESSERE \u00c8 UMANO. Isabella Ducrot\u2026 e le collezioni tessili del Museo delle Civilt\u00e0<\/strong> sar\u00e0 l\u2019occasione per raccontare la ricerca dell\u2019artista sui materiali tessili in un confronto con una selezione di manufatti provenienti dalle collezioni storiche del museo. Il tessuto, per Ducrot, si pone come traccia materiale di un patrimonio immateriale, racconto che passa attraverso il gesto stesso della tessitura, in cui la materia e la struttura del manufatto tessile si fanno linguaggio. Mettendo in evidenza le molteplici <strong>connessioni tra culture, tecnologie e saperi<\/strong>, sar\u00e0 possibile fare un viaggio nel tempo e nello spazio, mettendo in dialogo opere contemporanee con i rari tessuti provenienti dalle <strong>Collezioni Preistoriche, di Arti e Culture Africane, Americane, Asiatiche e Oceaniane e quelle di Arti e Tradizioni Popolari Italiane.<\/strong><\/p>\n<p><strong>Visita per adulti<br \/>\n<\/strong>Visita a pagamento, oltre acquisto biglietto ingresso, su prenotazione (attivate al raggiungimento di min. 10 persone)<br \/>\n0-10 anni: partecipazione gratuita<br \/>\n11-17 anni: 2,50 \u20ac<br \/>\n+18: 5 \u20ac<\/p>\n<p>Per maggiori <strong>informazioni e prenotazioni<\/strong> (da effettuarsi entro le ore 14.00 di venerd\u00ec 10 gennaio):<br \/>\ne-mail: didatticamuciv@abintra.it<br \/>\ntel. 375.8323206 (luned\u00ec-venerd\u00ec, 09.00-14.00)<\/p>\n","protected":false},"excerpt":{"rendered":"<p>La visita guidata alla mostra TESSERE \u00c8 UMANO. Isabella Ducrot\u2026 e le collezioni tessili del Museo delle Civilt\u00e0 sar\u00e0 l\u2019occasione per raccontare la ricerca dell\u2019artista sui materiali tessili in un confronto con una selezione di manufatti provenienti dalle collezioni storiche del museo. Il tessuto, per Ducrot, si pone come traccia materiale di un patrimonio immateriale, [&hellip;]<\/p>\n","protected":false},"author":2,"featured_media":265599,"comment_status":"closed","ping_status":"closed","template":"","tags":[],"mec_category":[1250],"mec_speaker":[],"class_list":["post-267391","mec-events","type-mec-events","status-publish","has-post-thumbnail","hentry","mec_category-guided-tour"],"acf":[],"yoast_head":"<!-- This site is optimized with the Yoast SEO plugin v27.4 - https:\/\/yoast.com\/product\/yoast-seo-wordpress\/ -->\n<title>Visita alla mostra TESSERE \u00c8 UMANO. Isabella Ducrot\u2026 e le collezioni tessili del Museo delle Civilt\u00e0 - MUCIV-Museo delle Civilt\u00e0<\/title>\n<meta name=\"robots\" content=\"index, follow, max-snippet:-1, max-image-preview:large, max-video-preview:-1\" \/>\n<link rel=\"canonical\" href=\"https:\/\/www.museodellecivilta.it\/events\/visita-alla-mostra-tessere-e-umano-isabella-ducrot-e-le-collezioni-tessili-del-museo-delle-civilta\/\" \/>\n<meta property=\"og:locale\" content=\"en_US\" \/>\n<meta property=\"og:type\" content=\"article\" \/>\n<meta property=\"og:title\" content=\"Visita alla mostra TESSERE \u00c8 UMANO. Isabella Ducrot\u2026 e le collezioni tessili del Museo delle Civilt\u00e0 - MUCIV-Museo delle Civilt\u00e0\" \/>\n<meta property=\"og:description\" content=\"La visita guidata alla mostra TESSERE \u00c8 UMANO. Isabella Ducrot\u2026 e le collezioni tessili del Museo delle Civilt\u00e0 sar\u00e0 l\u2019occasione per raccontare la ricerca dell\u2019artista sui materiali tessili in un confronto con una selezione di manufatti provenienti dalle collezioni storiche del museo. Il tessuto, per Ducrot, si pone come traccia materiale di un patrimonio immateriale, [&hellip;]\" \/>\n<meta property=\"og:site_name\" content=\"MUCIV-Museo delle Civilt\u00e0\" \/>\n<meta property=\"article:publisher\" content=\"https:\/\/www.facebook.com\/museocivilta\" \/>\n<meta property=\"og:image\" content=\"https:\/\/www.museodellecivilta.it\/wp-content\/uploads\/32_GB14840-scaled-e1729195922548.jpg\" \/>\n\t<meta property=\"og:image:width\" content=\"2560\" \/>\n\t<meta property=\"og:image:height\" content=\"1442\" \/>\n\t<meta property=\"og:image:type\" content=\"image\/jpeg\" \/>\n<meta name=\"twitter:card\" content=\"summary_large_image\" \/>\n<meta name=\"twitter:site\" content=\"@museocivilta\" \/>\n<meta name=\"twitter:label1\" content=\"Est. reading time\" \/>\n\t<meta name=\"twitter:data1\" content=\"1 minute\" \/>\n<script type=\"application\/ld+json\" class=\"yoast-schema-graph\">{\"@context\":\"https:\\\/\\\/schema.org\",\"@graph\":[{\"@type\":\"WebPage\",\"@id\":\"https:\\\/\\\/www.museodellecivilta.it\\\/events\\\/visita-alla-mostra-tessere-e-umano-isabella-ducrot-e-le-collezioni-tessili-del-museo-delle-civilta\\\/\",\"url\":\"https:\\\/\\\/www.museodellecivilta.it\\\/events\\\/visita-alla-mostra-tessere-e-umano-isabella-ducrot-e-le-collezioni-tessili-del-museo-delle-civilta\\\/\",\"name\":\"Visita alla mostra TESSERE \u00c8 UMANO. Isabella Ducrot\u2026 e le collezioni tessili del Museo delle Civilt\u00e0 - MUCIV-Museo delle Civilt\u00e0\",\"isPartOf\":{\"@id\":\"https:\\\/\\\/www.museodellecivilta.it\\\/#website\"},\"primaryImageOfPage\":{\"@id\":\"https:\\\/\\\/www.museodellecivilta.it\\\/events\\\/visita-alla-mostra-tessere-e-umano-isabella-ducrot-e-le-collezioni-tessili-del-museo-delle-civilta\\\/#primaryimage\"},\"image\":{\"@id\":\"https:\\\/\\\/www.museodellecivilta.it\\\/events\\\/visita-alla-mostra-tessere-e-umano-isabella-ducrot-e-le-collezioni-tessili-del-museo-delle-civilta\\\/#primaryimage\"},\"thumbnailUrl\":\"https:\\\/\\\/www.museodellecivilta.it\\\/wp-content\\\/uploads\\\/32_GB14840-scaled-e1729195922548.jpg\",\"datePublished\":\"2024-12-20T11:39:40+00:00\",\"breadcrumb\":{\"@id\":\"https:\\\/\\\/www.museodellecivilta.it\\\/events\\\/visita-alla-mostra-tessere-e-umano-isabella-ducrot-e-le-collezioni-tessili-del-museo-delle-civilta\\\/#breadcrumb\"},\"inLanguage\":\"en-US\",\"potentialAction\":[{\"@type\":\"ReadAction\",\"target\":[\"https:\\\/\\\/www.museodellecivilta.it\\\/events\\\/visita-alla-mostra-tessere-e-umano-isabella-ducrot-e-le-collezioni-tessili-del-museo-delle-civilta\\\/\"]}]},{\"@type\":\"ImageObject\",\"inLanguage\":\"en-US\",\"@id\":\"https:\\\/\\\/www.museodellecivilta.it\\\/events\\\/visita-alla-mostra-tessere-e-umano-isabella-ducrot-e-le-collezioni-tessili-del-museo-delle-civilta\\\/#primaryimage\",\"url\":\"https:\\\/\\\/www.museodellecivilta.it\\\/wp-content\\\/uploads\\\/32_GB14840-scaled-e1729195922548.jpg\",\"contentUrl\":\"https:\\\/\\\/www.museodellecivilta.it\\\/wp-content\\\/uploads\\\/32_GB14840-scaled-e1729195922548.jpg\",\"width\":2560,\"height\":1442},{\"@type\":\"BreadcrumbList\",\"@id\":\"https:\\\/\\\/www.museodellecivilta.it\\\/events\\\/visita-alla-mostra-tessere-e-umano-isabella-ducrot-e-le-collezioni-tessili-del-museo-delle-civilta\\\/#breadcrumb\",\"itemListElement\":[{\"@type\":\"ListItem\",\"position\":1,\"name\":\"Home\",\"item\":\"https:\\\/\\\/www.museodellecivilta.it\\\/en\\\/homepage\\\/\"},{\"@type\":\"ListItem\",\"position\":2,\"name\":\"Events\",\"item\":\"https:\\\/\\\/www.museodellecivilta.it\\\/events\\\/\"},{\"@type\":\"ListItem\",\"position\":3,\"name\":\"Visita alla mostra TESSERE \u00c8 UMANO. Isabella Ducrot\u2026 e le collezioni tessili del Museo delle Civilt\u00e0\"}]},{\"@type\":\"WebSite\",\"@id\":\"https:\\\/\\\/www.museodellecivilta.it\\\/#website\",\"url\":\"https:\\\/\\\/www.museodellecivilta.it\\\/\",\"name\":\"MUCIV-Museo delle Civilt\u00e0\",\"description\":\"\",\"publisher\":{\"@id\":\"https:\\\/\\\/www.museodellecivilta.it\\\/#organization\"},\"potentialAction\":[{\"@type\":\"SearchAction\",\"target\":{\"@type\":\"EntryPoint\",\"urlTemplate\":\"https:\\\/\\\/www.museodellecivilta.it\\\/?s={search_term_string}\"},\"query-input\":{\"@type\":\"PropertyValueSpecification\",\"valueRequired\":true,\"valueName\":\"search_term_string\"}}],\"inLanguage\":\"en-US\"},{\"@type\":\"Organization\",\"@id\":\"https:\\\/\\\/www.museodellecivilta.it\\\/#organization\",\"name\":\"Museo delle Civilt\u00e0\",\"url\":\"https:\\\/\\\/www.museodellecivilta.it\\\/\",\"logo\":{\"@type\":\"ImageObject\",\"inLanguage\":\"en-US\",\"@id\":\"https:\\\/\\\/www.museodellecivilta.it\\\/#\\\/schema\\\/logo\\\/image\\\/\",\"url\":\"https:\\\/\\\/wwwtest.museodellecivilta.it\\\/wp-content\\\/uploads\\\/2019\\\/09\\\/MUCIV-logoheader.jpg\",\"contentUrl\":\"https:\\\/\\\/wwwtest.museodellecivilta.it\\\/wp-content\\\/uploads\\\/2019\\\/09\\\/MUCIV-logoheader.jpg\",\"width\":185,\"height\":85,\"caption\":\"Museo delle Civilt\u00e0\"},\"image\":{\"@id\":\"https:\\\/\\\/www.museodellecivilta.it\\\/#\\\/schema\\\/logo\\\/image\\\/\"},\"sameAs\":[\"https:\\\/\\\/www.facebook.com\\\/museocivilta\",\"https:\\\/\\\/x.com\\\/museocivilta\",\"https:\\\/\\\/www.instagram.com\\\/museodellecivilta\\\/\",\"https:\\\/\\\/www.youtube.com\\\/c\\\/MuseodelleCivilt-MuCiv\"]}]}<\/script>\n<!-- \/ Yoast SEO plugin. -->","yoast_head_json":{"title":"Visita alla mostra TESSERE \u00c8 UMANO. Isabella Ducrot\u2026 e le collezioni tessili del Museo delle Civilt\u00e0 - MUCIV-Museo delle Civilt\u00e0","robots":{"index":"index","follow":"follow","max-snippet":"max-snippet:-1","max-image-preview":"max-image-preview:large","max-video-preview":"max-video-preview:-1"},"canonical":"https:\/\/www.museodellecivilta.it\/events\/visita-alla-mostra-tessere-e-umano-isabella-ducrot-e-le-collezioni-tessili-del-museo-delle-civilta\/","og_locale":"en_US","og_type":"article","og_title":"Visita alla mostra TESSERE \u00c8 UMANO. Isabella Ducrot\u2026 e le collezioni tessili del Museo delle Civilt\u00e0 - MUCIV-Museo delle Civilt\u00e0","og_description":"La visita guidata alla mostra TESSERE \u00c8 UMANO. Isabella Ducrot\u2026 e le collezioni tessili del Museo delle Civilt\u00e0 sar\u00e0 l\u2019occasione per raccontare la ricerca dell\u2019artista sui materiali tessili in un confronto con una selezione di manufatti provenienti dalle collezioni storiche del museo. Il tessuto, per Ducrot, si pone come traccia materiale di un patrimonio immateriale, [&hellip;]","og_site_name":"MUCIV-Museo delle Civilt\u00e0","article_publisher":"https:\/\/www.facebook.com\/museocivilta","og_image":[{"width":2560,"height":1442,"url":"https:\/\/www.museodellecivilta.it\/wp-content\/uploads\/32_GB14840-scaled-e1729195922548.jpg","type":"image\/jpeg"}],"twitter_card":"summary_large_image","twitter_site":"@museocivilta","twitter_misc":{"Est. reading time":"1 minute"},"schema":{"@context":"https:\/\/schema.org","@graph":[{"@type":"WebPage","@id":"https:\/\/www.museodellecivilta.it\/events\/visita-alla-mostra-tessere-e-umano-isabella-ducrot-e-le-collezioni-tessili-del-museo-delle-civilta\/","url":"https:\/\/www.museodellecivilta.it\/events\/visita-alla-mostra-tessere-e-umano-isabella-ducrot-e-le-collezioni-tessili-del-museo-delle-civilta\/","name":"Visita alla mostra TESSERE \u00c8 UMANO. Isabella Ducrot\u2026 e le collezioni tessili del Museo delle Civilt\u00e0 - MUCIV-Museo delle Civilt\u00e0","isPartOf":{"@id":"https:\/\/www.museodellecivilta.it\/#website"},"primaryImageOfPage":{"@id":"https:\/\/www.museodellecivilta.it\/events\/visita-alla-mostra-tessere-e-umano-isabella-ducrot-e-le-collezioni-tessili-del-museo-delle-civilta\/#primaryimage"},"image":{"@id":"https:\/\/www.museodellecivilta.it\/events\/visita-alla-mostra-tessere-e-umano-isabella-ducrot-e-le-collezioni-tessili-del-museo-delle-civilta\/#primaryimage"},"thumbnailUrl":"https:\/\/www.museodellecivilta.it\/wp-content\/uploads\/32_GB14840-scaled-e1729195922548.jpg","datePublished":"2024-12-20T11:39:40+00:00","breadcrumb":{"@id":"https:\/\/www.museodellecivilta.it\/events\/visita-alla-mostra-tessere-e-umano-isabella-ducrot-e-le-collezioni-tessili-del-museo-delle-civilta\/#breadcrumb"},"inLanguage":"en-US","potentialAction":[{"@type":"ReadAction","target":["https:\/\/www.museodellecivilta.it\/events\/visita-alla-mostra-tessere-e-umano-isabella-ducrot-e-le-collezioni-tessili-del-museo-delle-civilta\/"]}]},{"@type":"ImageObject","inLanguage":"en-US","@id":"https:\/\/www.museodellecivilta.it\/events\/visita-alla-mostra-tessere-e-umano-isabella-ducrot-e-le-collezioni-tessili-del-museo-delle-civilta\/#primaryimage","url":"https:\/\/www.museodellecivilta.it\/wp-content\/uploads\/32_GB14840-scaled-e1729195922548.jpg","contentUrl":"https:\/\/www.museodellecivilta.it\/wp-content\/uploads\/32_GB14840-scaled-e1729195922548.jpg","width":2560,"height":1442},{"@type":"BreadcrumbList","@id":"https:\/\/www.museodellecivilta.it\/events\/visita-alla-mostra-tessere-e-umano-isabella-ducrot-e-le-collezioni-tessili-del-museo-delle-civilta\/#breadcrumb","itemListElement":[{"@type":"ListItem","position":1,"name":"Home","item":"https:\/\/www.museodellecivilta.it\/en\/homepage\/"},{"@type":"ListItem","position":2,"name":"Events","item":"https:\/\/www.museodellecivilta.it\/events\/"},{"@type":"ListItem","position":3,"name":"Visita alla mostra TESSERE \u00c8 UMANO. Isabella Ducrot\u2026 e le collezioni tessili del Museo delle Civilt\u00e0"}]},{"@type":"WebSite","@id":"https:\/\/www.museodellecivilta.it\/#website","url":"https:\/\/www.museodellecivilta.it\/","name":"MUCIV-Museo delle Civilt\u00e0","description":"","publisher":{"@id":"https:\/\/www.museodellecivilta.it\/#organization"},"potentialAction":[{"@type":"SearchAction","target":{"@type":"EntryPoint","urlTemplate":"https:\/\/www.museodellecivilta.it\/?s={search_term_string}"},"query-input":{"@type":"PropertyValueSpecification","valueRequired":true,"valueName":"search_term_string"}}],"inLanguage":"en-US"},{"@type":"Organization","@id":"https:\/\/www.museodellecivilta.it\/#organization","name":"Museo delle Civilt\u00e0","url":"https:\/\/www.museodellecivilta.it\/","logo":{"@type":"ImageObject","inLanguage":"en-US","@id":"https:\/\/www.museodellecivilta.it\/#\/schema\/logo\/image\/","url":"https:\/\/wwwtest.museodellecivilta.it\/wp-content\/uploads\/2019\/09\/MUCIV-logoheader.jpg","contentUrl":"https:\/\/wwwtest.museodellecivilta.it\/wp-content\/uploads\/2019\/09\/MUCIV-logoheader.jpg","width":185,"height":85,"caption":"Museo delle Civilt\u00e0"},"image":{"@id":"https:\/\/www.museodellecivilta.it\/#\/schema\/logo\/image\/"},"sameAs":["https:\/\/www.facebook.com\/museocivilta","https:\/\/x.com\/museocivilta","https:\/\/www.instagram.com\/museodellecivilta\/","https:\/\/www.youtube.com\/c\/MuseodelleCivilt-MuCiv"]}]}},"_links":{"self":[{"href":"https:\/\/www.museodellecivilta.it\/en\/wp-json\/wp\/v2\/mec-events\/267391","targetHints":{"allow":["GET"]}}],"collection":[{"href":"https:\/\/www.museodellecivilta.it\/en\/wp-json\/wp\/v2\/mec-events"}],"about":[{"href":"https:\/\/www.museodellecivilta.it\/en\/wp-json\/wp\/v2\/types\/mec-events"}],"author":[{"embeddable":true,"href":"https:\/\/www.museodellecivilta.it\/en\/wp-json\/wp\/v2\/users\/2"}],"replies":[{"embeddable":true,"href":"https:\/\/www.museodellecivilta.it\/en\/wp-json\/wp\/v2\/comments?post=267391"}],"wp:featuredmedia":[{"embeddable":true,"href":"https:\/\/www.museodellecivilta.it\/en\/wp-json\/wp\/v2\/media\/265599"}],"wp:attachment":[{"href":"https:\/\/www.museodellecivilta.it\/en\/wp-json\/wp\/v2\/media?parent=267391"}],"wp:term":[{"taxonomy":"post_tag","embeddable":true,"href":"https:\/\/www.museodellecivilta.it\/en\/wp-json\/wp\/v2\/tags?post=267391"},{"taxonomy":"mec_category","embeddable":true,"href":"https:\/\/www.museodellecivilta.it\/en\/wp-json\/wp\/v2\/mec_category?post=267391"},{"taxonomy":"mec_speaker","embeddable":true,"href":"https:\/\/www.museodellecivilta.it\/en\/wp-json\/wp\/v2\/mec_speaker?post=267391"}],"curies":[{"name":"wp","href":"https:\/\/api.w.org\/{rel}","templated":true}]}}